{"id":30542,"date":"2025-02-05T10:13:07","date_gmt":"2025-02-05T09:13:07","guid":{"rendered":"https:\/\/www.univ-mila.dz\/?page_id=30542"},"modified":"2025-11-02T11:22:57","modified_gmt":"2025-11-02T10:22:57","slug":"faculte-de-droit","status":"publish","type":"page","link":"https:\/\/www.univ-mila.dz\/?page_id=30542&lang=fr","title":{"rendered":"Facult\u00e9 de droit"},"content":{"rendered":"<div class=\"vc_row\">\n<div class=\"vc_column\">\n<div class=\"vc_column_text\">\n<p class=\"textheader\">Pr\u00e9sentation de la facult\u00e9<\/p>\n<div class=\"noteright\">\n<p title=\"Email\"><i class=\"fa fa-envelope\"><\/i>: <span style=\"color: #800000;\"><strong>institut.law@centre-univ-mila.dz<\/strong><\/span><\/p>\n<p title=\"Facebook\"><i class=\"fa fa-facebook-official\"><\/i>: <a style=\"color: #800000;\" href=\"https:\/\/www.facebook.com\/profile.php?id=100083222236542\"><strong>facebook.com<\/strong><\/a><\/p>\n<\/div>\n<p>La Facult\u00e9 de Droit a \u00e9t\u00e9 cr\u00e9\u00e9 en 2022 par le d\u00e9cret ex\u00e9cutif 22-394 dat\u00e9 du 21 novembre 2022 modifiant le d\u00e9cret ex\u00e9cutif 08-204 dat\u00e9 du 9 juillet 2008. La mission de la facult\u00e9 est de fournir aux \u00e9tudiants une formation de qualit\u00e9 dans les domaines des sciences juridiques. Cela facilite l&#8217;int\u00e9gration professionnelle des \u00e9tudiants et leur contribution effective au d\u00e9veloppement du pays et de la r\u00e9gion dans ces domaines juridiques qui rev\u00eatent une grande importance.<\/p>\n<p class=\"textheader\">Direction de la facult\u00e9<\/p>\n<ul>\n<li><strong>Directeur de la Facult\u00e9 :<\/strong> Dr. Belharbi Oumar (<strong><span style=\"color: #800000;\"><a style=\"color: #800000;\" href=\"mailto:o.belharbi@centre-univ-mila.dz\">o.belharbi@centre-univ-mila.dz<\/a><\/span><\/strong>)<\/li>\n<li><strong>Directeur adjoint charg\u00e9 des \u00e9tudes de premier cycle :<\/strong> Dr. Benchiheub Abdelraouf (<span style=\"color: #800000;\"><strong><a style=\"color: #800000;\" href=\"mailto:a.benchiheub@centre-univ-mila.dz\">a.benchiheub@centre-univ-mila.dz<\/a><\/strong><\/span>)<\/li>\n<li><strong>Directeur adjoint charg\u00e9 des \u00e9tudes postuniversitaires et de la recherche scientifique :<\/strong> Pr. Chebbah Bouzid (<strong><span style=\"color: #800000;\"><a style=\"color: #800000;\" href=\"mailto:b.chebbah@centre-univ-mila.dz\">b.chebbah@centre-univ-mila.dz<\/a><\/span><\/strong>)<\/li>\n<\/ul>\n<p class=\"textheader\">D\u00e9partements<\/p>\n<p>La facult\u00e9 de Droit comprend actuellement un seul d\u00e9partement :<\/p>\n<ul>\n<li><strong>D\u00e9partement de Droit :<\/strong>\n<ul>\n<li>Chef du d\u00e9partement : Dr. Daas Ahmed (<span style=\"color: #800000;\"><strong><a style=\"color: #800000;\" href=\"mailto:a.daas@centre-univ-mila.dz\">a.daas@centre-univ-mila.dz<\/a><\/strong><\/span>)<\/li>\n<li>Chef du d\u00e9partement adjoint : Dr. Bouklab Siham (<span style=\"color: #800000;\"><strong><a style=\"color: #800000;\" href=\"mailto:bouklab.s@centre-univ-mila.dz\">bouklab.s@centre-univ-mila.dz<\/a><\/strong><\/span>)<\/li>\n<\/ul>\n<\/li>\n<\/ul>\n<p class=\"textheader\">Offres de formation<\/p>\n<p>La facult\u00e9 de Droit propose une formation p\u00e9dagogique en licence et master, comme indiqu\u00e9 ci-dessous :<\/p>\n<p class=\"smallheader\">Formation en Licence<\/p>\n<p><strong>1- Fili\u00e8re Droit<\/strong><\/p>\n<ul>\n<li>Premi\u00e8re ann\u00e9e tronc commun<\/li>\n<li>Deuxi\u00e8me ann\u00e9e droit<\/li>\n<li>Troisi\u00e8me ann\u00e9e sp\u00e9cialit\u00e9 droit public<\/li>\n<li>Troisi\u00e8me ann\u00e9e sp\u00e9cialit\u00e9 droit priv\u00e9<\/li>\n<\/ul>\n<p class=\"smallheader\">Formation en Master<\/p>\n<ul>\n<li>Sp\u00e9cialit\u00e9 droit administratif<\/li>\n<li>Sp\u00e9cialit\u00e9 droit p\u00e9nal<\/li>\n<li>Sp\u00e9cialit\u00e9 droit des affaires<\/li>\n<li>Sp\u00e9cialit\u00e9 droit immobilier<\/li>\n<\/ul>\n<p class=\"smallheader\">Formation en Doctorat<\/p>\n<p>&#8230;&#8230;<\/p>\n<p class=\"smallheader\">Recherche scientifique<\/p>\n<p>La Facult\u00e9 organise tout au long de l&#8217;ann\u00e9e universitaire des activit\u00e9s de recherche et des manifestations scientifiques (rencontres internationales, rencontres nationales, journ\u00e9es d&#8217;\u00e9tude, etc.) pour les enseignants-chercheurs et les \u00e9tudiants en master.<\/p>\n<\/div>\n<\/div>\n<\/div>\n<div class=\"vc_row\">\n<div class=\"vc_column\">\n<div class=\"vc_column_text\">\n<p class=\"textheader\">Informations de contact<\/p>\n<p>Pour r\u00e9pondre \u00e0 vos questions, veuillez les envoyer \u00e0 l&#8217;adresse \u00e9lectronique suivante :<\/p>\n<ol>\n<li>Direction de la facult\u00e9: (<strong><span style=\"color: #800000;\"><a style=\"color: #800000;\" href=\"mailto:droit.adminweb@centre-univ-mila.dz\">droit.adminweb@centre-univ-mila.dz<\/a><\/span><\/strong><span style=\"color: #800000;\"><span style=\"color: #333333;\">)<\/span><\/span><\/li>\n<li>Directeur adjoint charg\u00e9 des \u00e9tudes de premier cycle : Dr. Benchiheub Abdelraouf (<span style=\"color: #800000;\"><strong><a style=\"color: #800000;\" href=\"mailto:a.benchiheub@centre-univ-mila.dz\">a.benchiheub@centre-univ-mila.dz<\/a><\/strong><\/span>)<\/li>\n<li>Directeur adjoint charg\u00e9 des \u00e9tudes postuniversitaires et de la recherche scientifique : Pr. Chebbah Bouzid (<strong><span style=\"color: #800000;\"><a style=\"color: #800000;\" href=\"mailto:b.chebbah@centre-univ-mila.dz\">b.chebbah@centre-univ-mila.dz<\/a><\/span><\/strong>)<\/li>\n<li>Chef du d\u00e9partement de Droit : Dr. Daas Ahmed (<strong><span style=\"color: #800000;\"><a style=\"color: #800000;\" href=\"mailto:a.daas@centre-univ-mila.dz\">a.daas@centre-univ-mila.dz<\/a><\/span><\/strong>)<\/li>\n<li>Chef du d\u00e9partement adjoint : Dr. Bouklab Siham (<span style=\"color: #800000;\"><strong><a style=\"color: #800000;\" href=\"mailto:bouklab.s@centre-univ-mila.dz\">bouklab.s@centre-univ-mila.dz<\/a><\/strong><\/span>)<\/li>\n<li>Page de la facult\u00e9 sur <a href=\"https:\/\/www.facebook.com\/profile.php?id=100083222236542\">Facebook<\/a><\/li>\n<\/ol>\n<\/div>\n<\/div>\n<\/div>\n","protected":false},"excerpt":{"rendered":"<p>Pr\u00e9sentation de la facult\u00e9 : institut.law@centre-univ-mila.dz : facebook.com La Facult\u00e9 de Droit a \u00e9t\u00e9 cr\u00e9\u00e9 en 2022 par le d\u00e9cret ex\u00e9cutif 22-394 dat\u00e9 du 21 novembre 2022 modifiant le d\u00e9cret ex\u00e9cutif 08-204 dat\u00e9 du 9 juillet 2008. La mission de la facult\u00e9 est de fournir aux \u00e9tudiants une formation de qualit\u00e9 dans les domaines des [&hellip;]<\/p>\n","protected":false},"author":4,"featured_media":736,"parent":0,"menu_order":0,"comment_status":"closed","ping_status":"closed","template":"","meta":{"footnotes":""},"class_list":["post-30542","page","type-page","status-publish","has-post-thumbnail","hentry"],"yoast_head":"<!-- This site is optimized with the Yoast SEO plugin v26.3 - https:\/\/yoast.com\/wordpress\/plugins\/seo\/ -->\n<title>Facult\u00e9 de droit - \u062c\u0627\u0645\u0639\u0629 \u0645\u064a\u0644\u0629<\/title>\n<meta name=\"robots\" content=\"index, follow, max-snippet:-1, max-image-preview:large, max-video-preview:-1\" \/>\n<link rel=\"canonical\" href=\"https:\/\/www.univ-mila.dz\/?page_id=30542&lang=fr\" \/>\n<meta property=\"og:locale\" content=\"ar_AR\" \/>\n<meta property=\"og:type\" content=\"article\" \/>\n<meta property=\"og:title\" content=\"Facult\u00e9 de droit - \u062c\u0627\u0645\u0639\u0629 \u0645\u064a\u0644\u0629\" \/>\n<meta property=\"og:description\" content=\"Pr\u00e9sentation de la facult\u00e9 : institut.law@centre-univ-mila.dz : facebook.com La Facult\u00e9 de Droit a \u00e9t\u00e9 cr\u00e9\u00e9 en 2022 par le d\u00e9cret ex\u00e9cutif 22-394 dat\u00e9 du 21 novembre 2022 modifiant le d\u00e9cret ex\u00e9cutif 08-204 dat\u00e9 du 9 juillet 2008. La mission de la facult\u00e9 est de fournir aux \u00e9tudiants une formation de qualit\u00e9 dans les domaines des [&hellip;]\" \/>\n<meta property=\"og:url\" content=\"https:\/\/www.univ-mila.dz\/?page_id=30542&amp;lang=fr\" \/>\n<meta property=\"og:site_name\" content=\"\u062c\u0627\u0645\u0639\u0629 \u0645\u064a\u0644\u0629\" \/>\n<meta property=\"article:publisher\" content=\"https:\/\/www.facebook.com\/univmila\/\" \/>\n<meta property=\"article:modified_time\" content=\"2025-11-02T10:22:57+00:00\" \/>\n<meta property=\"og:image\" content=\"https:\/\/www.univ-mila.dz\/wp-content\/uploads\/2019\/03\/20228821_1234267920034430_282399053964769760_n.jpg\" \/>\n\t<meta property=\"og:image:width\" content=\"640\" \/>\n\t<meta property=\"og:image:height\" content=\"480\" \/>\n\t<meta property=\"og:image:type\" content=\"image\/jpeg\" \/>\n<meta name=\"twitter:card\" content=\"summary_large_image\" \/>\n<meta name=\"twitter:site\" content=\"@univmila\" \/>\n<meta name=\"twitter:label1\" content=\"\u0648\u0642\u062a \u0627\u0644\u0642\u0631\u0627\u0621\u0629 \u0627\u0644\u0645\u064f\u0642\u062f\u0651\u0631\" \/>\n\t<meta name=\"twitter:data1\" content=\"3 \u062f\u0642\u0627\u0626\u0642\" \/>\n<script type=\"application\/ld+json\" class=\"yoast-schema-graph\">{\"@context\":\"https:\/\/schema.org\",\"@graph\":[{\"@type\":\"WebPage\",\"@id\":\"https:\/\/www.univ-mila.dz\/?page_id=30542&lang=fr\",\"url\":\"https:\/\/www.univ-mila.dz\/?page_id=30542&lang=fr\",\"name\":\"Facult\u00e9 de droit - \u062c\u0627\u0645\u0639\u0629 \u0645\u064a\u0644\u0629\",\"isPartOf\":{\"@id\":\"https:\/\/www.univ-mila.dz\/#website\"},\"primaryImageOfPage\":{\"@id\":\"https:\/\/www.univ-mila.dz\/?page_id=30542&lang=fr#primaryimage\"},\"image\":{\"@id\":\"https:\/\/www.univ-mila.dz\/?page_id=30542&lang=fr#primaryimage\"},\"thumbnailUrl\":\"https:\/\/www.univ-mila.dz\/wp-content\/uploads\/2019\/03\/20228821_1234267920034430_282399053964769760_n.jpg\",\"datePublished\":\"2025-02-05T09:13:07+00:00\",\"dateModified\":\"2025-11-02T10:22:57+00:00\",\"inLanguage\":\"ar\",\"potentialAction\":[{\"@type\":\"ReadAction\",\"target\":[\"https:\/\/www.univ-mila.dz\/?page_id=30542&lang=fr\"]}]},{\"@type\":\"ImageObject\",\"inLanguage\":\"ar\",\"@id\":\"https:\/\/www.univ-mila.dz\/?page_id=30542&lang=fr#primaryimage\",\"url\":\"https:\/\/www.univ-mila.dz\/wp-content\/uploads\/2019\/03\/20228821_1234267920034430_282399053964769760_n.jpg\",\"contentUrl\":\"https:\/\/www.univ-mila.dz\/wp-content\/uploads\/2019\/03\/20228821_1234267920034430_282399053964769760_n.jpg\",\"width\":640,\"height\":480},{\"@type\":\"WebSite\",\"@id\":\"https:\/\/www.univ-mila.dz\/#website\",\"url\":\"https:\/\/www.univ-mila.dz\/\",\"name\":\"\u062c\u0627\u0645\u0639\u0629 \u0639\u0628\u062f \u0627\u0644\u062d\u0641\u064a\u0638 \u0628\u0648\u0627\u0644\u0635\u0648\u0641\",\"description\":\"\u0645\u064a\u0644\u0629\",\"publisher\":{\"@id\":\"https:\/\/www.univ-mila.dz\/#organization\"},\"potentialAction\":[{\"@type\":\"SearchAction\",\"target\":{\"@type\":\"EntryPoint\",\"urlTemplate\":\"https:\/\/www.univ-mila.dz\/?s={search_term_string}\"},\"query-input\":{\"@type\":\"PropertyValueSpecification\",\"valueRequired\":true,\"valueName\":\"search_term_string\"}}],\"inLanguage\":\"ar\"},{\"@type\":\"Organization\",\"@id\":\"https:\/\/www.univ-mila.dz\/#organization\",\"name\":\"\u062c\u0627\u0645\u0639\u0629 \u0639\u0628\u062f \u0627\u0644\u062d\u0641\u064a\u0638 \u0628\u0648\u0627\u0644\u0635\u0648\u0641 - \u0645\u064a\u0644\u0629\",\"url\":\"https:\/\/www.univ-mila.dz\/\",\"logo\":{\"@type\":\"ImageObject\",\"inLanguage\":\"ar\",\"@id\":\"https:\/\/www.univ-mila.dz\/#\/schema\/logo\/image\/\",\"url\":\"http:\/\/www.centre-univ-mila.dz\/wp-content\/uploads\/2019\/02\/1416395352cumtransparent.png\",\"contentUrl\":\"http:\/\/www.centre-univ-mila.dz\/wp-content\/uploads\/2019\/02\/1416395352cumtransparent.png\",\"width\":208,\"height\":268,\"caption\":\"\u062c\u0627\u0645\u0639\u0629 \u0639\u0628\u062f \u0627\u0644\u062d\u0641\u064a\u0638 \u0628\u0648\u0627\u0644\u0635\u0648\u0641 - \u0645\u064a\u0644\u0629\"},\"image\":{\"@id\":\"https:\/\/www.univ-mila.dz\/#\/schema\/logo\/image\/\"},\"sameAs\":[\"https:\/\/www.facebook.com\/univmila\/\",\"https:\/\/x.com\/univmila\",\"https:\/\/www.youtube.com\/channel\/UC9--lQO1WBvXm38B70e9u5w\"]}]}<\/script>\n<!-- \/ Yoast SEO plugin. -->","yoast_head_json":{"title":"Facult\u00e9 de droit - \u062c\u0627\u0645\u0639\u0629 \u0645\u064a\u0644\u0629","robots":{"index":"index","follow":"follow","max-snippet":"max-snippet:-1","max-image-preview":"max-image-preview:large","max-video-preview":"max-video-preview:-1"},"canonical":"https:\/\/www.univ-mila.dz\/?page_id=30542&lang=fr","og_locale":"ar_AR","og_type":"article","og_title":"Facult\u00e9 de droit - \u062c\u0627\u0645\u0639\u0629 \u0645\u064a\u0644\u0629","og_description":"Pr\u00e9sentation de la facult\u00e9 : institut.law@centre-univ-mila.dz : facebook.com La Facult\u00e9 de Droit a \u00e9t\u00e9 cr\u00e9\u00e9 en 2022 par le d\u00e9cret ex\u00e9cutif 22-394 dat\u00e9 du 21 novembre 2022 modifiant le d\u00e9cret ex\u00e9cutif 08-204 dat\u00e9 du 9 juillet 2008. La mission de la facult\u00e9 est de fournir aux \u00e9tudiants une formation de qualit\u00e9 dans les domaines des [&hellip;]","og_url":"https:\/\/www.univ-mila.dz\/?page_id=30542&lang=fr","og_site_name":"\u062c\u0627\u0645\u0639\u0629 \u0645\u064a\u0644\u0629","article_publisher":"https:\/\/www.facebook.com\/univmila\/","article_modified_time":"2025-11-02T10:22:57+00:00","og_image":[{"width":640,"height":480,"url":"https:\/\/www.univ-mila.dz\/wp-content\/uploads\/2019\/03\/20228821_1234267920034430_282399053964769760_n.jpg","type":"image\/jpeg"}],"twitter_card":"summary_large_image","twitter_site":"@univmila","twitter_misc":{"\u0648\u0642\u062a \u0627\u0644\u0642\u0631\u0627\u0621\u0629 \u0627\u0644\u0645\u064f\u0642\u062f\u0651\u0631":"3 \u062f\u0642\u0627\u0626\u0642"},"schema":{"@context":"https:\/\/schema.org","@graph":[{"@type":"WebPage","@id":"https:\/\/www.univ-mila.dz\/?page_id=30542&lang=fr","url":"https:\/\/www.univ-mila.dz\/?page_id=30542&lang=fr","name":"Facult\u00e9 de droit - \u062c\u0627\u0645\u0639\u0629 \u0645\u064a\u0644\u0629","isPartOf":{"@id":"https:\/\/www.univ-mila.dz\/#website"},"primaryImageOfPage":{"@id":"https:\/\/www.univ-mila.dz\/?page_id=30542&lang=fr#primaryimage"},"image":{"@id":"https:\/\/www.univ-mila.dz\/?page_id=30542&lang=fr#primaryimage"},"thumbnailUrl":"https:\/\/www.univ-mila.dz\/wp-content\/uploads\/2019\/03\/20228821_1234267920034430_282399053964769760_n.jpg","datePublished":"2025-02-05T09:13:07+00:00","dateModified":"2025-11-02T10:22:57+00:00","inLanguage":"ar","potentialAction":[{"@type":"ReadAction","target":["https:\/\/www.univ-mila.dz\/?page_id=30542&lang=fr"]}]},{"@type":"ImageObject","inLanguage":"ar","@id":"https:\/\/www.univ-mila.dz\/?page_id=30542&lang=fr#primaryimage","url":"https:\/\/www.univ-mila.dz\/wp-content\/uploads\/2019\/03\/20228821_1234267920034430_282399053964769760_n.jpg","contentUrl":"https:\/\/www.univ-mila.dz\/wp-content\/uploads\/2019\/03\/20228821_1234267920034430_282399053964769760_n.jpg","width":640,"height":480},{"@type":"WebSite","@id":"https:\/\/www.univ-mila.dz\/#website","url":"https:\/\/www.univ-mila.dz\/","name":"\u062c\u0627\u0645\u0639\u0629 \u0639\u0628\u062f \u0627\u0644\u062d\u0641\u064a\u0638 \u0628\u0648\u0627\u0644\u0635\u0648\u0641","description":"\u0645\u064a\u0644\u0629","publisher":{"@id":"https:\/\/www.univ-mila.dz\/#organization"},"potentialAction":[{"@type":"SearchAction","target":{"@type":"EntryPoint","urlTemplate":"https:\/\/www.univ-mila.dz\/?s={search_term_string}"},"query-input":{"@type":"PropertyValueSpecification","valueRequired":true,"valueName":"search_term_string"}}],"inLanguage":"ar"},{"@type":"Organization","@id":"https:\/\/www.univ-mila.dz\/#organization","name":"\u062c\u0627\u0645\u0639\u0629 \u0639\u0628\u062f \u0627\u0644\u062d\u0641\u064a\u0638 \u0628\u0648\u0627\u0644\u0635\u0648\u0641 - \u0645\u064a\u0644\u0629","url":"https:\/\/www.univ-mila.dz\/","logo":{"@type":"ImageObject","inLanguage":"ar","@id":"https:\/\/www.univ-mila.dz\/#\/schema\/logo\/image\/","url":"http:\/\/www.centre-univ-mila.dz\/wp-content\/uploads\/2019\/02\/1416395352cumtransparent.png","contentUrl":"http:\/\/www.centre-univ-mila.dz\/wp-content\/uploads\/2019\/02\/1416395352cumtransparent.png","width":208,"height":268,"caption":"\u062c\u0627\u0645\u0639\u0629 \u0639\u0628\u062f \u0627\u0644\u062d\u0641\u064a\u0638 \u0628\u0648\u0627\u0644\u0635\u0648\u0641 - \u0645\u064a\u0644\u0629"},"image":{"@id":"https:\/\/www.univ-mila.dz\/#\/schema\/logo\/image\/"},"sameAs":["https:\/\/www.facebook.com\/univmila\/","https:\/\/x.com\/univmila","https:\/\/www.youtube.com\/channel\/UC9--lQO1WBvXm38B70e9u5w"]}]}},"_links":{"self":[{"href":"https:\/\/www.univ-mila.dz\/index.php?rest_route=\/wp\/v2\/pages\/30542","targetHints":{"allow":["GET"]}}],"collection":[{"href":"https:\/\/www.univ-mila.dz\/index.php?rest_route=\/wp\/v2\/pages"}],"about":[{"href":"https:\/\/www.univ-mila.dz\/index.php?rest_route=\/wp\/v2\/types\/page"}],"author":[{"embeddable":true,"href":"https:\/\/www.univ-mila.dz\/index.php?rest_route=\/wp\/v2\/users\/4"}],"replies":[{"embeddable":true,"href":"https:\/\/www.univ-mila.dz\/index.php?rest_route=%2Fwp%2Fv2%2Fcomments&post=30542"}],"version-history":[{"count":7,"href":"https:\/\/www.univ-mila.dz\/index.php?rest_route=\/wp\/v2\/pages\/30542\/revisions"}],"predecessor-version":[{"id":32860,"href":"https:\/\/www.univ-mila.dz\/index.php?rest_route=\/wp\/v2\/pages\/30542\/revisions\/32860"}],"wp:featuredmedia":[{"embeddable":true,"href":"https:\/\/www.univ-mila.dz\/index.php?rest_route=\/wp\/v2\/media\/736"}],"wp:attachment":[{"href":"https:\/\/www.univ-mila.dz\/index.php?rest_route=%2Fwp%2Fv2%2Fmedia&parent=30542"}],"curies":[{"name":"wp","href":"https:\/\/api.w.org\/{rel}","templated":true}]}}