{"id":30237,"date":"2025-01-15T10:49:41","date_gmt":"2025-01-15T09:49:41","guid":{"rendered":"https:\/\/www.univ-mila.dz\/?page_id=30237"},"modified":"2025-01-15T10:50:54","modified_gmt":"2025-01-15T09:50:54","slug":"specialite-biodiversite-et-securite-alimentaire","status":"publish","type":"page","link":"https:\/\/www.univ-mila.dz\/?page_id=30237&lang=fr","title":{"rendered":"Sp\u00e9cialit\u00e9: Biodiversit\u00e9 et S\u00e9curit\u00e9 Alimentaire"},"content":{"rendered":"<p class=\"textheader\">Informations g\u00e9n\u00e9rales<\/p>\n<div class=\"noteright\">\n<p style=\"text-align: left;\" title=\"T\u00e9l\u00e9phone\"><i class=\"fa fa-phone\"><\/i>: <span style=\"color: #800000;\"><b>0561552684<\/b><\/span><\/p>\n<p style=\"text-align: left;\" title=\"Fax\"><i class=\"fa fa-fax\"><\/i>: <span style=\"color: #800000;\"><strong>\/<\/strong><\/span><\/p>\n<p style=\"text-align: left;\" title=\"Courriel\"><span style=\"color: #800000;\"><span style=\"color: #333333;\"><a style=\"color: #333333;\" href=\"mailto:s.tabet@centre-univ-mila.dz\"><i class=\"fa fa-envelope\"><\/i>: <span style=\"color: #800000;\"><strong>s.tabet<\/strong><\/span><\/a><\/span><strong>@centre-univ-mila.dz<\/strong><\/span><\/p>\n<p style=\"text-align: left;\" title=\"Courriel\"><span style=\"color: #800000;\"><span style=\"color: #333333;\"><a style=\"color: #333333;\" href=\"mailto:tabetslimane@gmail.com\"><i class=\"fa fa-envelope\"><\/i>: <span style=\"color: #800000;\"><strong>tabetslimane<\/strong><\/span><\/a><\/span><strong>@gmail.com<\/strong><\/span><\/p>\n<\/div>\n<ul>\n<li><strong>Cycle<\/strong>: Master.<\/li>\n<li><strong>Domaine<\/strong>: Sciences de la Nature et de la Vie.<\/li>\n<li><strong>Fili\u00e8re<\/strong>: \u00c9cologie et Environnement.<\/li>\n<li><strong>Sp\u00e9cialit\u00e9<\/strong> (Intitul\u00e9 de la formation): Biodiversit\u00e9 et S\u00e9curit\u00e9 Alimentaire.<\/li>\n<li><strong>Dur\u00e9e de la formation<\/strong>: 4 semestres (2 ans).<\/li>\n<\/ul>\n<p class=\"textheader\">Pr\u00e9sentation de la formation<\/p>\n<p class=\"smallheader\">Objectif de la formation<\/p>\n<p>Former des futurs scientifiques afin qu&#8217;ils puissent r\u00e9aliser des recherches dans les domaines de l&#8217;environnement et de la s\u00e9curit\u00e9 alimentaire, afin de favoriser une agriculture durable qui respecte l&#8217;environnement. Cette agriculture devrait permettre de produire une quantit\u00e9 suffisante d&#8217;aliments pour r\u00e9pondre aux besoins de milliers de personnes, tout en pr\u00e9servant et en am\u00e9liorant les ressources naturelles essentielles au bien-\u00eatre des g\u00e9n\u00e9rations actuelles et futures.<\/p>\n<p class=\"smallheader\">Connaissances vis\u00e9es<\/p>\n<ul>\n<li>L&#8217;acquisition d&#8217;une expertise accrue est essentielle pour am\u00e9liorer la nutrition humaine tout en pr\u00e9servant l&#8217;environnement pour les g\u00e9n\u00e9rations \u00e0 venir.<\/li>\n<li>La recherche des solutions d&#8217;adaptation aux changements climatiques, en harmonie avec les politiques locales.<\/li>\n<li>La compr\u00e9hension pr\u00e9cise de la probabilit\u00e9 de succ\u00e8s de diff\u00e9rents types d&#8217;exploitations agricoles dans chaque r\u00e9gion agro-\u00e9cologique du pays est n\u00e9cessaire, ce qui permet aux autorit\u00e9s locales d&#8217;int\u00e9grer des incitations dans leurs programmes politiques afin d&#8217;encourager les agriculteurs \u00e0 adopter des pratiques agricoles adapt\u00e9es aux changements climatiques, ce qui devrait favoriser leur rentabilit\u00e9 maximale.<\/li>\n<\/ul>\n<p class=\"smallheader\">Projets de fin d\u2019\u00e9tudes<\/p>\n<p>Les \u00e9tudiants r\u00e9alisent des stages pratiques et des projets ax\u00e9s sur des probl\u00e9matiques de valorisation des ressources biologiques locales et agroalimentaires, notamment l&#8217;optimisation des rendements, le d\u00e9veloppement durable des exploitations et des ressources biologiques.<\/p>\n<p class=\"textheader\">Programme<\/p>\n<p><strong>Pour t\u00e9l\u00e9charger : <span style=\"color: #0000ff;\"><a style=\"color: #0000ff;\" href=\"https:\/\/www.univ-mila.dz\/wp-content\/uploads\/2025\/01\/Prg_MBioDSA_FR.pdf\">cliquez ici<\/a><\/span><\/strong><\/p>\n<p class=\"textheader\">\u00c9tudes et d\u00e9bouch\u00e9s potentiels<\/p>\n<p class=\"smallheader\">Poursuite d&#8217;\u00e9tudes<\/p>\n<ul>\n<li>Doctorat en Technologie Agroalimentaire.<\/li>\n<li>Doctorat en Gestion des ressources biologiques et leurs valorisations rationnelles.<\/li>\n<li>Doctorat en Alimentation, Nutrition et S\u00e9curit\u00e9 Alimentaire.<\/li>\n<\/ul>\n<p class=\"smallheader\">D\u00e9bouch\u00e9s professionnels<\/p>\n<ul>\n<li>Dans les domaines de la recherche, cela comprend les institutions nationales de recherche, les laboratoires universitaires sp\u00e9cialis\u00e9s dans le d\u00e9veloppement durable, l&#8217;\u00e9valuation, l&#8217;\u00e9conomie des ressources naturelles et de l&#8217;environnement, ainsi que les services agricoles et de protection des cultures.<\/li>\n<li>Quant aux domaines de l&#8217;agriculture, de la s\u00e9curit\u00e9 alimentaire et de l&#8217;environnement, les opportunit\u00e9s se trouvent dans les laboratoires des instituts de formation et de diffusion des connaissances, ainsi que dans les centres de recherche ax\u00e9s sur la valorisation des ressources naturelles.<\/li>\n<\/ul>\n","protected":false},"excerpt":{"rendered":"<p>Informations g\u00e9n\u00e9rales : 0561552684 : \/ : s.tabet@centre-univ-mila.dz : tabetslimane@gmail.com Cycle: Master. Domaine: Sciences de la Nature et de la Vie. Fili\u00e8re: \u00c9cologie et Environnement. Sp\u00e9cialit\u00e9 (Intitul\u00e9 de la formation): Biodiversit\u00e9 et S\u00e9curit\u00e9 Alimentaire. Dur\u00e9e de la formation: 4 semestres (2 ans). Pr\u00e9sentation de la formation Objectif de la formation Former des futurs scientifiques afin [&hellip;]<\/p>\n","protected":false},"author":4,"featured_media":7791,"parent":7892,"menu_order":0,"comment_status":"closed","ping_status":"closed","template":"","meta":{"footnotes":""},"class_list":["post-30237","page","type-page","status-publish","has-post-thumbnail","hentry"],"yoast_head":"<!-- This site is optimized with the Yoast SEO plugin v26.3 - https:\/\/yoast.com\/wordpress\/plugins\/seo\/ -->\n<title>Sp\u00e9cialit\u00e9: Biodiversit\u00e9 et S\u00e9curit\u00e9 Alimentaire - \u062c\u0627\u0645\u0639\u0629 \u0645\u064a\u0644\u0629<\/title>\n<meta name=\"robots\" content=\"index, follow, max-snippet:-1, max-image-preview:large, max-video-preview:-1\" \/>\n<link rel=\"canonical\" href=\"https:\/\/www.univ-mila.dz\/?page_id=30237&lang=fr\" \/>\n<meta property=\"og:locale\" content=\"ar_AR\" \/>\n<meta property=\"og:type\" content=\"article\" \/>\n<meta property=\"og:title\" content=\"Sp\u00e9cialit\u00e9: Biodiversit\u00e9 et S\u00e9curit\u00e9 Alimentaire - \u062c\u0627\u0645\u0639\u0629 \u0645\u064a\u0644\u0629\" \/>\n<meta property=\"og:description\" content=\"Informations g\u00e9n\u00e9rales : 0561552684 : \/ : s.tabet@centre-univ-mila.dz : tabetslimane@gmail.com Cycle: Master. Domaine: Sciences de la Nature et de la Vie. Fili\u00e8re: \u00c9cologie et Environnement. Sp\u00e9cialit\u00e9 (Intitul\u00e9 de la formation): Biodiversit\u00e9 et S\u00e9curit\u00e9 Alimentaire. Dur\u00e9e de la formation: 4 semestres (2 ans). Pr\u00e9sentation de la formation Objectif de la formation Former des futurs scientifiques afin [&hellip;]\" \/>\n<meta property=\"og:url\" content=\"https:\/\/www.univ-mila.dz\/?page_id=30237&amp;lang=fr\" \/>\n<meta property=\"og:site_name\" content=\"\u062c\u0627\u0645\u0639\u0629 \u0645\u064a\u0644\u0629\" \/>\n<meta property=\"article:publisher\" content=\"https:\/\/www.facebook.com\/univmila\/\" \/>\n<meta property=\"article:modified_time\" content=\"2025-01-15T09:50:54+00:00\" \/>\n<meta property=\"og:image\" content=\"https:\/\/www.univ-mila.dz\/wp-content\/uploads\/2020\/06\/Sciences-de-la-nature-et-de-la-vie-1.png\" \/>\n\t<meta property=\"og:image:width\" content=\"200\" \/>\n\t<meta property=\"og:image:height\" content=\"200\" \/>\n\t<meta property=\"og:image:type\" content=\"image\/png\" \/>\n<meta name=\"twitter:card\" content=\"summary_large_image\" \/>\n<meta name=\"twitter:site\" content=\"@univmila\" \/>\n<meta name=\"twitter:label1\" content=\"\u0648\u0642\u062a \u0627\u0644\u0642\u0631\u0627\u0621\u0629 \u0627\u0644\u0645\u064f\u0642\u062f\u0651\u0631\" \/>\n\t<meta name=\"twitter:data1\" content=\"3 \u062f\u0642\u0627\u0626\u0642\" \/>\n<script type=\"application\/ld+json\" class=\"yoast-schema-graph\">{\"@context\":\"https:\/\/schema.org\",\"@graph\":[{\"@type\":\"WebPage\",\"@id\":\"https:\/\/www.univ-mila.dz\/?page_id=30237&lang=fr\",\"url\":\"https:\/\/www.univ-mila.dz\/?page_id=30237&lang=fr\",\"name\":\"Sp\u00e9cialit\u00e9: Biodiversit\u00e9 et S\u00e9curit\u00e9 Alimentaire - \u062c\u0627\u0645\u0639\u0629 \u0645\u064a\u0644\u0629\",\"isPartOf\":{\"@id\":\"https:\/\/www.univ-mila.dz\/#website\"},\"primaryImageOfPage\":{\"@id\":\"https:\/\/www.univ-mila.dz\/?page_id=30237&lang=fr#primaryimage\"},\"image\":{\"@id\":\"https:\/\/www.univ-mila.dz\/?page_id=30237&lang=fr#primaryimage\"},\"thumbnailUrl\":\"https:\/\/www.univ-mila.dz\/wp-content\/uploads\/2020\/06\/Sciences-de-la-nature-et-de-la-vie-1.png\",\"datePublished\":\"2025-01-15T09:49:41+00:00\",\"dateModified\":\"2025-01-15T09:50:54+00:00\",\"breadcrumb\":{\"@id\":\"https:\/\/www.univ-mila.dz\/?page_id=30237&lang=fr#breadcrumb\"},\"inLanguage\":\"ar\",\"potentialAction\":[{\"@type\":\"ReadAction\",\"target\":[\"https:\/\/www.univ-mila.dz\/?page_id=30237&lang=fr\"]}]},{\"@type\":\"ImageObject\",\"inLanguage\":\"ar\",\"@id\":\"https:\/\/www.univ-mila.dz\/?page_id=30237&lang=fr#primaryimage\",\"url\":\"https:\/\/www.univ-mila.dz\/wp-content\/uploads\/2020\/06\/Sciences-de-la-nature-et-de-la-vie-1.png\",\"contentUrl\":\"https:\/\/www.univ-mila.dz\/wp-content\/uploads\/2020\/06\/Sciences-de-la-nature-et-de-la-vie-1.png\",\"width\":200,\"height\":200},{\"@type\":\"BreadcrumbList\",\"@id\":\"https:\/\/www.univ-mila.dz\/?page_id=30237&lang=fr#breadcrumb\",\"itemListElement\":[{\"@type\":\"ListItem\",\"position\":1,\"name\":\"Offres de formation\",\"item\":\"https:\/\/www.univ-mila.dz\/?page_id=7868&lang=fr\"},{\"@type\":\"ListItem\",\"position\":2,\"name\":\"Domaine Sciences de la Nature et de la Vie\",\"item\":\"https:\/\/www.univ-mila.dz\/?page_id=7892&lang=fr\"},{\"@type\":\"ListItem\",\"position\":3,\"name\":\"Sp\u00e9cialit\u00e9: Biodiversit\u00e9 et S\u00e9curit\u00e9 Alimentaire\"}]},{\"@type\":\"WebSite\",\"@id\":\"https:\/\/www.univ-mila.dz\/#website\",\"url\":\"https:\/\/www.univ-mila.dz\/\",\"name\":\"\u062c\u0627\u0645\u0639\u0629 \u0639\u0628\u062f \u0627\u0644\u062d\u0641\u064a\u0638 \u0628\u0648\u0627\u0644\u0635\u0648\u0641\",\"description\":\"\u0645\u064a\u0644\u0629\",\"publisher\":{\"@id\":\"https:\/\/www.univ-mila.dz\/#organization\"},\"potentialAction\":[{\"@type\":\"SearchAction\",\"target\":{\"@type\":\"EntryPoint\",\"urlTemplate\":\"https:\/\/www.univ-mila.dz\/?s={search_term_string}\"},\"query-input\":{\"@type\":\"PropertyValueSpecification\",\"valueRequired\":true,\"valueName\":\"search_term_string\"}}],\"inLanguage\":\"ar\"},{\"@type\":\"Organization\",\"@id\":\"https:\/\/www.univ-mila.dz\/#organization\",\"name\":\"\u062c\u0627\u0645\u0639\u0629 \u0639\u0628\u062f \u0627\u0644\u062d\u0641\u064a\u0638 \u0628\u0648\u0627\u0644\u0635\u0648\u0641 - \u0645\u064a\u0644\u0629\",\"url\":\"https:\/\/www.univ-mila.dz\/\",\"logo\":{\"@type\":\"ImageObject\",\"inLanguage\":\"ar\",\"@id\":\"https:\/\/www.univ-mila.dz\/#\/schema\/logo\/image\/\",\"url\":\"http:\/\/www.centre-univ-mila.dz\/wp-content\/uploads\/2019\/02\/1416395352cumtransparent.png\",\"contentUrl\":\"http:\/\/www.centre-univ-mila.dz\/wp-content\/uploads\/2019\/02\/1416395352cumtransparent.png\",\"width\":208,\"height\":268,\"caption\":\"\u062c\u0627\u0645\u0639\u0629 \u0639\u0628\u062f \u0627\u0644\u062d\u0641\u064a\u0638 \u0628\u0648\u0627\u0644\u0635\u0648\u0641 - \u0645\u064a\u0644\u0629\"},\"image\":{\"@id\":\"https:\/\/www.univ-mila.dz\/#\/schema\/logo\/image\/\"},\"sameAs\":[\"https:\/\/www.facebook.com\/univmila\/\",\"https:\/\/x.com\/univmila\",\"https:\/\/www.youtube.com\/channel\/UC9--lQO1WBvXm38B70e9u5w\"]}]}<\/script>\n<!-- \/ Yoast SEO plugin. -->","yoast_head_json":{"title":"Sp\u00e9cialit\u00e9: Biodiversit\u00e9 et S\u00e9curit\u00e9 Alimentaire - \u062c\u0627\u0645\u0639\u0629 \u0645\u064a\u0644\u0629","robots":{"index":"index","follow":"follow","max-snippet":"max-snippet:-1","max-image-preview":"max-image-preview:large","max-video-preview":"max-video-preview:-1"},"canonical":"https:\/\/www.univ-mila.dz\/?page_id=30237&lang=fr","og_locale":"ar_AR","og_type":"article","og_title":"Sp\u00e9cialit\u00e9: Biodiversit\u00e9 et S\u00e9curit\u00e9 Alimentaire - \u062c\u0627\u0645\u0639\u0629 \u0645\u064a\u0644\u0629","og_description":"Informations g\u00e9n\u00e9rales : 0561552684 : \/ : s.tabet@centre-univ-mila.dz : tabetslimane@gmail.com Cycle: Master. Domaine: Sciences de la Nature et de la Vie. Fili\u00e8re: \u00c9cologie et Environnement. Sp\u00e9cialit\u00e9 (Intitul\u00e9 de la formation): Biodiversit\u00e9 et S\u00e9curit\u00e9 Alimentaire. Dur\u00e9e de la formation: 4 semestres (2 ans). Pr\u00e9sentation de la formation Objectif de la formation Former des futurs scientifiques afin [&hellip;]","og_url":"https:\/\/www.univ-mila.dz\/?page_id=30237&lang=fr","og_site_name":"\u062c\u0627\u0645\u0639\u0629 \u0645\u064a\u0644\u0629","article_publisher":"https:\/\/www.facebook.com\/univmila\/","article_modified_time":"2025-01-15T09:50:54+00:00","og_image":[{"width":200,"height":200,"url":"https:\/\/www.univ-mila.dz\/wp-content\/uploads\/2020\/06\/Sciences-de-la-nature-et-de-la-vie-1.png","type":"image\/png"}],"twitter_card":"summary_large_image","twitter_site":"@univmila","twitter_misc":{"\u0648\u0642\u062a \u0627\u0644\u0642\u0631\u0627\u0621\u0629 \u0627\u0644\u0645\u064f\u0642\u062f\u0651\u0631":"3 \u062f\u0642\u0627\u0626\u0642"},"schema":{"@context":"https:\/\/schema.org","@graph":[{"@type":"WebPage","@id":"https:\/\/www.univ-mila.dz\/?page_id=30237&lang=fr","url":"https:\/\/www.univ-mila.dz\/?page_id=30237&lang=fr","name":"Sp\u00e9cialit\u00e9: Biodiversit\u00e9 et S\u00e9curit\u00e9 Alimentaire - \u062c\u0627\u0645\u0639\u0629 \u0645\u064a\u0644\u0629","isPartOf":{"@id":"https:\/\/www.univ-mila.dz\/#website"},"primaryImageOfPage":{"@id":"https:\/\/www.univ-mila.dz\/?page_id=30237&lang=fr#primaryimage"},"image":{"@id":"https:\/\/www.univ-mila.dz\/?page_id=30237&lang=fr#primaryimage"},"thumbnailUrl":"https:\/\/www.univ-mila.dz\/wp-content\/uploads\/2020\/06\/Sciences-de-la-nature-et-de-la-vie-1.png","datePublished":"2025-01-15T09:49:41+00:00","dateModified":"2025-01-15T09:50:54+00:00","breadcrumb":{"@id":"https:\/\/www.univ-mila.dz\/?page_id=30237&lang=fr#breadcrumb"},"inLanguage":"ar","potentialAction":[{"@type":"ReadAction","target":["https:\/\/www.univ-mila.dz\/?page_id=30237&lang=fr"]}]},{"@type":"ImageObject","inLanguage":"ar","@id":"https:\/\/www.univ-mila.dz\/?page_id=30237&lang=fr#primaryimage","url":"https:\/\/www.univ-mila.dz\/wp-content\/uploads\/2020\/06\/Sciences-de-la-nature-et-de-la-vie-1.png","contentUrl":"https:\/\/www.univ-mila.dz\/wp-content\/uploads\/2020\/06\/Sciences-de-la-nature-et-de-la-vie-1.png","width":200,"height":200},{"@type":"BreadcrumbList","@id":"https:\/\/www.univ-mila.dz\/?page_id=30237&lang=fr#breadcrumb","itemListElement":[{"@type":"ListItem","position":1,"name":"Offres de formation","item":"https:\/\/www.univ-mila.dz\/?page_id=7868&lang=fr"},{"@type":"ListItem","position":2,"name":"Domaine Sciences de la Nature et de la Vie","item":"https:\/\/www.univ-mila.dz\/?page_id=7892&lang=fr"},{"@type":"ListItem","position":3,"name":"Sp\u00e9cialit\u00e9: Biodiversit\u00e9 et S\u00e9curit\u00e9 Alimentaire"}]},{"@type":"WebSite","@id":"https:\/\/www.univ-mila.dz\/#website","url":"https:\/\/www.univ-mila.dz\/","name":"\u062c\u0627\u0645\u0639\u0629 \u0639\u0628\u062f \u0627\u0644\u062d\u0641\u064a\u0638 \u0628\u0648\u0627\u0644\u0635\u0648\u0641","description":"\u0645\u064a\u0644\u0629","publisher":{"@id":"https:\/\/www.univ-mila.dz\/#organization"},"potentialAction":[{"@type":"SearchAction","target":{"@type":"EntryPoint","urlTemplate":"https:\/\/www.univ-mila.dz\/?s={search_term_string}"},"query-input":{"@type":"PropertyValueSpecification","valueRequired":true,"valueName":"search_term_string"}}],"inLanguage":"ar"},{"@type":"Organization","@id":"https:\/\/www.univ-mila.dz\/#organization","name":"\u062c\u0627\u0645\u0639\u0629 \u0639\u0628\u062f \u0627\u0644\u062d\u0641\u064a\u0638 \u0628\u0648\u0627\u0644\u0635\u0648\u0641 - \u0645\u064a\u0644\u0629","url":"https:\/\/www.univ-mila.dz\/","logo":{"@type":"ImageObject","inLanguage":"ar","@id":"https:\/\/www.univ-mila.dz\/#\/schema\/logo\/image\/","url":"http:\/\/www.centre-univ-mila.dz\/wp-content\/uploads\/2019\/02\/1416395352cumtransparent.png","contentUrl":"http:\/\/www.centre-univ-mila.dz\/wp-content\/uploads\/2019\/02\/1416395352cumtransparent.png","width":208,"height":268,"caption":"\u062c\u0627\u0645\u0639\u0629 \u0639\u0628\u062f \u0627\u0644\u062d\u0641\u064a\u0638 \u0628\u0648\u0627\u0644\u0635\u0648\u0641 - \u0645\u064a\u0644\u0629"},"image":{"@id":"https:\/\/www.univ-mila.dz\/#\/schema\/logo\/image\/"},"sameAs":["https:\/\/www.facebook.com\/univmila\/","https:\/\/x.com\/univmila","https:\/\/www.youtube.com\/channel\/UC9--lQO1WBvXm38B70e9u5w"]}]}},"_links":{"self":[{"href":"https:\/\/www.univ-mila.dz\/index.php?rest_route=\/wp\/v2\/pages\/30237","targetHints":{"allow":["GET"]}}],"collection":[{"href":"https:\/\/www.univ-mila.dz\/index.php?rest_route=\/wp\/v2\/pages"}],"about":[{"href":"https:\/\/www.univ-mila.dz\/index.php?rest_route=\/wp\/v2\/types\/page"}],"author":[{"embeddable":true,"href":"https:\/\/www.univ-mila.dz\/index.php?rest_route=\/wp\/v2\/users\/4"}],"replies":[{"embeddable":true,"href":"https:\/\/www.univ-mila.dz\/index.php?rest_route=%2Fwp%2Fv2%2Fcomments&post=30237"}],"version-history":[{"count":1,"href":"https:\/\/www.univ-mila.dz\/index.php?rest_route=\/wp\/v2\/pages\/30237\/revisions"}],"predecessor-version":[{"id":30241,"href":"https:\/\/www.univ-mila.dz\/index.php?rest_route=\/wp\/v2\/pages\/30237\/revisions\/30241"}],"up":[{"embeddable":true,"href":"https:\/\/www.univ-mila.dz\/index.php?rest_route=\/wp\/v2\/pages\/7892"}],"wp:featuredmedia":[{"embeddable":true,"href":"https:\/\/www.univ-mila.dz\/index.php?rest_route=\/wp\/v2\/media\/7791"}],"wp:attachment":[{"href":"https:\/\/www.univ-mila.dz\/index.php?rest_route=%2Fwp%2Fv2%2Fmedia&parent=30237"}],"curies":[{"name":"wp","href":"https:\/\/api.w.org\/{rel}","templated":true}]}}