{"id":21855,"date":"2023-06-07T16:01:30","date_gmt":"2023-06-07T15:01:30","guid":{"rendered":"https:\/\/www.univ-mila.dz\/?page_id=21855"},"modified":"2025-10-29T15:10:33","modified_gmt":"2025-10-29T14:10:33","slug":"institut-des-sciences-de-la-nature-et-de-la-vie","status":"publish","type":"page","link":"https:\/\/www.univ-mila.dz\/?page_id=21855&lang=fr","title":{"rendered":"Facult\u00e9 des sciences de la nature et de la vie"},"content":{"rendered":"<p style=\"text-align: left;\">[vc_row][vc_column][vc_column_text]<\/p>\n<p class=\"textheader\" style=\"text-align: left;\">Missions de La facult\u00e9<\/p>\n<div class=\"noteright\" style=\"text-align: left;\">\n<p style=\"text-align: left;\" title=\"T\u00e9l\u00e9phone\"><i class=\"fa fa-phone\"><\/i>:<\/p>\n<p style=\"text-align: left;\" title=\"Fax\"><i class=\"fa fa-fax\"><\/i>:<\/p>\n<p style=\"text-align: left;\" title=\"Courriel\"><span style=\"color: #800000;\"><span style=\"color: #333333;\"><a style=\"color: #333333;\" href=\"mailto:inst.snv@centre-univ-mila.dz\"><i class=\"fa fa-envelope\"><\/i>: <\/a><span style=\"color: #800000;\"><strong><a style=\"color: #800000;\" href=\"mailto:inst.snv@centre-univ-mila.dz\">inst.snv@centre-univ-mila.dz<\/a><\/strong><\/span><\/span><\/span><\/p>\n<p title=\"Facebook\"><i class=\"fa fa-facebook-official\"><\/i>:<a style=\"color: #800000;\" href=\"https:\/\/www.facebook.com\/profile.php?id=61555116433239\"><strong> facebook.com <\/strong><\/a><\/p>\n<\/div>\n<p style=\"text-align: left;\">La facult\u00e9 Sciences de la nature et de la vie a pour mission de fournir aux \u00e9tudiants des formations qualitatives dans les domaines des Sciences de la nature et de la vie. Des formations qui pr\u00e9parent les \u00e9tudiants \u00e0 une insertion professionnelle, et \u00e0 une contribution efficace au d\u00e9veloppement du pays et de la r\u00e9gion dans ces domaines qui sont en plein essor.<\/p>\n<p>&nbsp;<\/p>\n<p class=\"textheader\" style=\"text-align: left;\">Gestion de la facult\u00e9<\/p>\n<div class=\"noteright\" style=\"text-align: left;\">\n<p style=\"text-align: left;\" title=\"T\u00e9l\u00e9phone\"><i class=\"fa fa-phone\"><\/i>:<strong><span style=\"color: #800000;\"> 00213657864672 <\/span><\/strong><\/p>\n<p style=\"text-align: left;\" title=\"Courriel\"><span style=\"color: #800000;\"><a style=\"color: #333333;\" href=\"mailto:a.bounamous@centre-univ-mila.dz\"><i class=\"fa fa-envelope\"><\/i>: <\/a><span style=\"color: #800000;\"><strong><a style=\"color: #800000;\" href=\"mailto:a.bounamous@centre-univ-mila.dz\">a.bounamous@centre-univ-mila.dz<\/a><\/strong><\/span><\/span><\/p>\n<\/div>\n<ul style=\"text-align: left;\">\n<li><strong>Directeur de la facult\u00e9 :<\/strong> Bounamous Azeddine, Professeur<\/li>\n<\/ul>\n<p>&nbsp;<\/p>\n<ul style=\"text-align: left;\">\n<li><strong>Directeur adjoint pour les \u00e9tudes de premier cycle :<\/strong> Torche Yacine, Ma\u00eetre de Conf\u00e9rences A (<span style=\"color: #800000;\"><strong>torche.yacine@centre-univ-mila.dz<\/strong><\/span>)<\/li>\n<li><strong>Directeur adjoint pour les \u00e9tudes de troisi\u00e8me cycle et la recherche scientifique :<\/strong> Boutella Saber, Ma\u00eetre de Conf\u00e9rences A (<span style=\"color: #800000;\"><strong>s.boutellaa@centre-univ-mila.dz<\/strong><\/span>)<\/li>\n<li><strong>Directeur adjoint pour l\u2019administration et les finances :<\/strong><\/li>\n<\/ul>\n<p class=\"textheader\" style=\"text-align: left;\">D\u00e9partements<\/p>\n<p style=\"text-align: left;\">La facult\u00e9 comprend :<\/p>\n<ul>\n<li>D\u00e9partement des Sciences de la Terre et de l&#8217;Univers<\/li>\n<\/ul>\n<p><strong><span class=\"C9DxTc \">Chef de d\u00e9partement :\u00a0<\/span><\/strong><span class=\"C9DxTc \">kennouche salah Ma\u00eetre de Conf\u00e9rences classe B<\/span><strong> (<span style=\"color: #800000;\">salah.kennouche@centre-univ-mila.dz<\/span>)<\/strong><\/p>\n<ul>\n<li>D\u00e9partement de Biotechnologie<\/li>\n<\/ul>\n<p><strong><span class=\"C9DxTc \">Chef de d\u00e9partement : <\/span><\/strong><span class=\"C9DxTc \">Benmakhlouf Zebida <\/span> Ma\u00eetre de Conf\u00e9rences classe A<strong><span class=\"C9DxTc \"> (<span style=\"color: #800000;\">z.benmakhlouf@centre-univ-mila.dz<\/span>)<\/span><\/strong><\/p>\n<ul>\n<li>D\u00e9partement des Sciences Biologiques et Agricoles<\/li>\n<\/ul>\n<p><strong><span class=\"C9DxTc \">Chef de d\u00e9partement : <\/span><\/strong><span class=\"C9DxTc \">Bougueria Hassiba Ma\u00eetre de Conf\u00e9rences classe A<\/span><strong> (<span style=\"color: #800000;\">h.bougueria@centre-univ-mila.dz<\/span>)<\/strong><\/p>\n<ul>\n<li>D\u00e9partement de l&#8217;\u00c9cologie et de l&#8217;Environnement<\/li>\n<\/ul>\n<p><strong><span class=\"C9DxTc \">Chef de d\u00e9partement : <\/span><\/strong><span class=\"C9DxTc \">REBBAH Abderraouf Chouaib\u00a0 Ma\u00eetre de Conf\u00e9rences classe B<\/span><strong> (<span style=\"color: #800000;\">a.rebbah@centre-univ-mila.dz<\/span>)<\/strong><\/p>\n<p class=\"textheader\" style=\"text-align: left;\">Offres de formation<\/p>\n<p style=\"text-align: left;\">La facult\u00e9 des Sciences de la Nature et de la Vie propose des formations p\u00e9dagogiques en Licence et Master dans toutes les sp\u00e9cialit\u00e9s du domaine des Sciences de la Nature et de la Vie.<\/p>\n<p class=\"smallheader\" style=\"text-align: left;\">Formation en Licence<\/p>\n<p style=\"text-align: left;\"><strong>1- Fili\u00e8re de Biotechnologie<\/strong><\/p>\n<ul style=\"text-align: left;\">\n<li><strong>Sp\u00e9cialit\u00e9<\/strong>: <span style=\"color: #0000ff;\"><strong><a style=\"color: #0000ff;\" href=\"https:\/\/www.univ-mila.dz\/?page_id=11839&amp;lang=fr\">Biotechnologie V\u00e9g\u00e9tale et Am\u00e9lioration des Plantes (Licence acad\u00e9mique)<\/a><\/strong><\/span><\/li>\n<li><strong>Sp\u00e9cialit\u00e9<\/strong>: <strong>Biotechnologie et Sant\u00e9 (Licence acad\u00e9mique)<\/strong>.<\/li>\n<\/ul>\n<p style=\"text-align: left;\"><strong>2- Fili\u00e8re des Sciences Alimentaires<\/strong><\/p>\n<ul>\n<li style=\"text-align: left;\"><strong>Sp\u00e9cialit\u00e9<\/strong>:\u00a0<a href=\"https:\/\/www.univ-mila.dz\/?page_id=30186&amp;lang=fr\"><span style=\"color: #0000ff;\"><strong>Qualit\u00e9 et S\u00e9curit\u00e9 alimentaire (Licence acad\u00e9mique)<\/strong><\/span><\/a>.<\/li>\n<\/ul>\n<p style=\"text-align: left;\"><strong>3- Fili\u00e8re des Sciences Biologiques<\/strong><\/p>\n<ul style=\"text-align: left;\">\n<li><strong>Sp\u00e9cialit\u00e9<\/strong>: <span style=\"color: #0000ff;\"><strong><a style=\"color: #0000ff;\" href=\"https:\/\/www.univ-mila.dz\/?page_id=11732&amp;lang=fr\">Biochimie (Licence acad\u00e9mique)<\/a><\/strong><\/span><\/li>\n<li><strong>Sp\u00e9cialit\u00e9<\/strong>: <span style=\"color: #0000ff;\"><a style=\"color: #0000ff;\" href=\"https:\/\/www.univ-mila.dz\/?page_id=20704&amp;lang=fr\"><strong>Microbiologie (Licence acad\u00e9mique)<\/strong><\/a><\/span><\/li>\n<\/ul>\n<p style=\"text-align: left;\"><strong>4- Fili\u00e8re des Sciences Agricoles<\/strong><\/p>\n<ul>\n<li style=\"text-align: left;\"><strong>Sp\u00e9cialit\u00e9<\/strong>: <span style=\"color: #0000ff;\"><a style=\"color: #0000ff;\" href=\"https:\/\/www.univ-mila.dz\/?page_id=30137&amp;lang=fr\"><strong>Agronomie (Licence acad\u00e9mique)<\/strong><\/a><\/span><\/li>\n<li style=\"text-align: left;\"><strong>Sp\u00e9cialit\u00e9<\/strong>: <span style=\"color: #0000ff;\"><a style=\"color: #0000ff;\" href=\"https:\/\/www.univ-mila.dz\/?page_id=30160&amp;lang=fr\"><strong>Production v\u00e9g\u00e9tale (Licence acad\u00e9mique)<\/strong><\/a><\/span><\/li>\n<li style=\"text-align: left;\"><\/li>\n<\/ul>\n<p style=\"text-align: left;\"><strong>5- Fili\u00e8re de l&#8217;\u00c9cologie et de l&#8217;Environnement<\/strong><\/p>\n<ul style=\"text-align: left;\">\n<li><strong>Sp\u00e9cialit\u00e9<\/strong>: <span style=\"color: #0000ff;\"><strong><a style=\"color: #0000ff;\" href=\"https:\/\/www.univ-mila.dz\/?page_id=11836&amp;lang=fr\">\u00c9cologie et Environnement (Licence acad\u00e9mique)<\/a><\/strong><\/span><\/li>\n<li><strong>Sp\u00e9cialit\u00e9<\/strong>:\u00a0<span style=\"color: #0000ff;\"><a style=\"color: #0000ff;\" href=\"https:\/\/www.univ-mila.dz\/?page_id=30097&amp;lang=fr\"><strong>Agro-\u00c9cologie (Licence acad\u00e9mique)<\/strong><\/a><\/span>.<\/li>\n<\/ul>\n<p style=\"text-align: left;\"><strong>6- Fili\u00e8re de G\u00e9ologie <\/strong><\/p>\n<p class=\"smallheader\" style=\"text-align: left;\">Formation en Master<\/p>\n<p style=\"text-align: left;\"><strong>1- Fili\u00e8re de Biotechnologie<\/strong><\/p>\n<ul style=\"text-align: left;\">\n<li><strong>Sp\u00e9cialit\u00e9<\/strong>: <span style=\"color: #0000ff;\"><strong><a style=\"color: #0000ff;\" href=\"https:\/\/www.univ-mila.dz\/?page_id=11846&amp;lang=fr\">Biotechnologie V\u00e9g\u00e9tale (Master acad\u00e9mique)<\/a><\/strong>.<\/span><\/li>\n<li><strong>Sp\u00e9cialit\u00e9<\/strong>: <span style=\"color: #0000ff;\"><a style=\"color: #0000ff;\" href=\"https:\/\/www.univ-mila.dz\/?page_id=30253&amp;lang=fr\"><strong>Biotechnologie et Pathologie Mol\u00e9culaire (Master acad\u00e9mique)<\/strong><\/a><\/span>.<\/li>\n<\/ul>\n<p style=\"text-align: left;\"><strong>2- Fili\u00e8re des Sciences Biologiques<\/strong><\/p>\n<ul style=\"text-align: left;\">\n<li><strong>Sp\u00e9cialit\u00e9<\/strong>: <span style=\"color: #0000ff;\"><strong><a style=\"color: #0000ff;\" href=\"https:\/\/www.univ-mila.dz\/?page_id=11769&amp;lang=fr\">Biochimie Appliqu\u00e9e (Master acad\u00e9mique)<\/a><\/strong>.<\/span><\/li>\n<li><strong>Sp\u00e9cialit\u00e9<\/strong>: <strong>Microbiologie Appliqu\u00e9e (Master acad\u00e9mique)<\/strong>.<\/li>\n<\/ul>\n<p style=\"text-align: left;\"><strong>3- Fili\u00e8re de l&#8217;\u00c9cologie et de l&#8217;Environnement<\/strong><\/p>\n<ul style=\"text-align: left;\">\n<li><strong>Sp\u00e9cialit\u00e9<\/strong>: <span style=\"color: #0000ff;\"><strong><a style=\"color: #0000ff;\" href=\"https:\/\/www.univ-mila.dz\/?page_id=11842&amp;lang=fr\">Protection des \u00e9cosyst\u00e8mes (Master acad\u00e9mique)<\/a><\/strong>.<\/span><\/li>\n<li><strong>Sp\u00e9cialit\u00e9<\/strong>: <span style=\"color: #0000ff;\"><a style=\"color: #0000ff;\" href=\"https:\/\/www.univ-mila.dz\/?page_id=30237&amp;lang=fr\"><strong>Biodiversit\u00e9 et S\u00e9curit\u00e9 Alimentaire (Master acad\u00e9mique)<\/strong><\/a><\/span>.<\/li>\n<li><strong>Sp\u00e9cialit\u00e9<\/strong>: <span style=\"color: #0000ff;\"><a style=\"color: #0000ff;\" href=\"https:\/\/www.univ-mila.dz\/?page_id=30219&amp;lang=fr\"><strong>Biodiversit\u00e9 et Environnement (Master acad\u00e9mique)<\/strong><\/a><\/span>.<\/li>\n<\/ul>\n<p class=\"smallheader\" style=\"text-align: left;\">Formation en Doctorat<\/p>\n<p style=\"text-align: left;\">La facult\u00e9 propose un programme de Doctorat dans les domaines des Sciences de la Nature et de la Vie.<\/p>\n<p class=\"textheader\" style=\"text-align: left;\">Recherche Scientifique<\/p>\n<p>Les activit\u00e9s de recherche des enseignants chercheurs et des \u00e9tudiants en doctorat \u00e0 la facult\u00e9s sont organis\u00e9es et soutenues par :<\/p>\n<ul>\n<li><strong><span style=\"color: #0000ff;\"><a style=\"color: #0000ff;\" href=\"http:\/\/lsnm.centre-univ-mila.dz\/\" target=\"_blank\" rel=\"noopener noreferrer\">Laboratoire des sciences naturelles et des mat\u00e9riaux,<\/a><\/span><\/strong><\/li>\n<\/ul>\n<p class=\"textheader\">Contact<\/p>\n<p><strong>Pour toute question, veuillez les soumettre aux adresses suivantes :<\/strong> :<\/p>\n<ul>\n<li>D\u00e9partement des sciences de la nature et de la vie : <span style=\"color: #800000;\"><strong>scolarite.snv@centre-univ-mila.dz<\/strong><\/span><\/li>\n<li>Vice-recteur charg\u00e9 des \u00e9tudes postgradu\u00e9es \u00e0 l&#8217;adresse suivante : <strong><span style=\"color: #800000;\">s.boutellaa@centre-univ-mila.dz<\/span><\/strong><\/li>\n<\/ul>\n","protected":false},"excerpt":{"rendered":"<p>[vc_row][vc_column][vc_column_text] Missions de La facult\u00e9 : : : inst.snv@centre-univ-mila.dz : facebook.com La facult\u00e9 Sciences de la nature et de la vie a pour mission de fournir aux \u00e9tudiants des formations qualitatives dans les domaines des Sciences de la nature et de la vie. Des formations qui pr\u00e9parent les \u00e9tudiants \u00e0 une insertion professionnelle, et \u00e0 [&hellip;]<\/p>\n","protected":false},"author":1,"featured_media":736,"parent":0,"menu_order":0,"comment_status":"closed","ping_status":"closed","template":"","meta":{"footnotes":""},"class_list":["post-21855","page","type-page","status-publish","has-post-thumbnail","hentry"],"yoast_head":"<!-- This site is optimized with the Yoast SEO plugin v26.3 - https:\/\/yoast.com\/wordpress\/plugins\/seo\/ -->\n<title>Facult\u00e9 des sciences de la nature et de la vie - \u062c\u0627\u0645\u0639\u0629 \u0645\u064a\u0644\u0629<\/title>\n<meta name=\"robots\" content=\"index, follow, max-snippet:-1, max-image-preview:large, max-video-preview:-1\" \/>\n<link rel=\"canonical\" href=\"https:\/\/www.univ-mila.dz\/?page_id=21855&lang=fr\" \/>\n<meta property=\"og:locale\" content=\"ar_AR\" \/>\n<meta property=\"og:type\" content=\"article\" \/>\n<meta property=\"og:title\" content=\"Facult\u00e9 des sciences de la nature et de la vie - \u062c\u0627\u0645\u0639\u0629 \u0645\u064a\u0644\u0629\" \/>\n<meta property=\"og:description\" content=\"[vc_row][vc_column][vc_column_text] Missions de La facult\u00e9 : : : inst.snv@centre-univ-mila.dz : facebook.com La facult\u00e9 Sciences de la nature et de la vie a pour mission de fournir aux \u00e9tudiants des formations qualitatives dans les domaines des Sciences de la nature et de la vie. Des formations qui pr\u00e9parent les \u00e9tudiants \u00e0 une insertion professionnelle, et \u00e0 [&hellip;]\" \/>\n<meta property=\"og:url\" content=\"https:\/\/www.univ-mila.dz\/?page_id=21855&amp;lang=fr\" \/>\n<meta property=\"og:site_name\" content=\"\u062c\u0627\u0645\u0639\u0629 \u0645\u064a\u0644\u0629\" \/>\n<meta property=\"article:publisher\" content=\"https:\/\/www.facebook.com\/univmila\/\" \/>\n<meta property=\"article:modified_time\" content=\"2025-10-29T14:10:33+00:00\" \/>\n<meta property=\"og:image\" content=\"https:\/\/www.univ-mila.dz\/wp-content\/uploads\/2019\/03\/20228821_1234267920034430_282399053964769760_n.jpg\" \/>\n\t<meta property=\"og:image:width\" content=\"640\" \/>\n\t<meta property=\"og:image:height\" content=\"480\" \/>\n\t<meta property=\"og:image:type\" content=\"image\/jpeg\" \/>\n<meta name=\"twitter:card\" content=\"summary_large_image\" \/>\n<meta name=\"twitter:site\" content=\"@univmila\" \/>\n<meta name=\"twitter:label1\" content=\"\u0648\u0642\u062a \u0627\u0644\u0642\u0631\u0627\u0621\u0629 \u0627\u0644\u0645\u064f\u0642\u062f\u0651\u0631\" \/>\n\t<meta name=\"twitter:data1\" content=\"4 \u062f\u0642\u0627\u0626\u0642\" \/>\n<script type=\"application\/ld+json\" class=\"yoast-schema-graph\">{\"@context\":\"https:\/\/schema.org\",\"@graph\":[{\"@type\":\"WebPage\",\"@id\":\"https:\/\/www.univ-mila.dz\/?page_id=21855&lang=fr\",\"url\":\"https:\/\/www.univ-mila.dz\/?page_id=21855&lang=fr\",\"name\":\"Facult\u00e9 des sciences de la nature et de la vie - \u062c\u0627\u0645\u0639\u0629 \u0645\u064a\u0644\u0629\",\"isPartOf\":{\"@id\":\"https:\/\/www.univ-mila.dz\/#website\"},\"primaryImageOfPage\":{\"@id\":\"https:\/\/www.univ-mila.dz\/?page_id=21855&lang=fr#primaryimage\"},\"image\":{\"@id\":\"https:\/\/www.univ-mila.dz\/?page_id=21855&lang=fr#primaryimage\"},\"thumbnailUrl\":\"https:\/\/www.univ-mila.dz\/wp-content\/uploads\/2019\/03\/20228821_1234267920034430_282399053964769760_n.jpg\",\"datePublished\":\"2023-06-07T15:01:30+00:00\",\"dateModified\":\"2025-10-29T14:10:33+00:00\",\"inLanguage\":\"ar\",\"potentialAction\":[{\"@type\":\"ReadAction\",\"target\":[\"https:\/\/www.univ-mila.dz\/?page_id=21855&lang=fr\"]}]},{\"@type\":\"ImageObject\",\"inLanguage\":\"ar\",\"@id\":\"https:\/\/www.univ-mila.dz\/?page_id=21855&lang=fr#primaryimage\",\"url\":\"https:\/\/www.univ-mila.dz\/wp-content\/uploads\/2019\/03\/20228821_1234267920034430_282399053964769760_n.jpg\",\"contentUrl\":\"https:\/\/www.univ-mila.dz\/wp-content\/uploads\/2019\/03\/20228821_1234267920034430_282399053964769760_n.jpg\",\"width\":640,\"height\":480},{\"@type\":\"WebSite\",\"@id\":\"https:\/\/www.univ-mila.dz\/#website\",\"url\":\"https:\/\/www.univ-mila.dz\/\",\"name\":\"\u062c\u0627\u0645\u0639\u0629 \u0639\u0628\u062f \u0627\u0644\u062d\u0641\u064a\u0638 \u0628\u0648\u0627\u0644\u0635\u0648\u0641\",\"description\":\"\u0645\u064a\u0644\u0629\",\"publisher\":{\"@id\":\"https:\/\/www.univ-mila.dz\/#organization\"},\"potentialAction\":[{\"@type\":\"SearchAction\",\"target\":{\"@type\":\"EntryPoint\",\"urlTemplate\":\"https:\/\/www.univ-mila.dz\/?s={search_term_string}\"},\"query-input\":{\"@type\":\"PropertyValueSpecification\",\"valueRequired\":true,\"valueName\":\"search_term_string\"}}],\"inLanguage\":\"ar\"},{\"@type\":\"Organization\",\"@id\":\"https:\/\/www.univ-mila.dz\/#organization\",\"name\":\"\u062c\u0627\u0645\u0639\u0629 \u0639\u0628\u062f \u0627\u0644\u062d\u0641\u064a\u0638 \u0628\u0648\u0627\u0644\u0635\u0648\u0641 - \u0645\u064a\u0644\u0629\",\"url\":\"https:\/\/www.univ-mila.dz\/\",\"logo\":{\"@type\":\"ImageObject\",\"inLanguage\":\"ar\",\"@id\":\"https:\/\/www.univ-mila.dz\/#\/schema\/logo\/image\/\",\"url\":\"http:\/\/www.centre-univ-mila.dz\/wp-content\/uploads\/2019\/02\/1416395352cumtransparent.png\",\"contentUrl\":\"http:\/\/www.centre-univ-mila.dz\/wp-content\/uploads\/2019\/02\/1416395352cumtransparent.png\",\"width\":208,\"height\":268,\"caption\":\"\u062c\u0627\u0645\u0639\u0629 \u0639\u0628\u062f \u0627\u0644\u062d\u0641\u064a\u0638 \u0628\u0648\u0627\u0644\u0635\u0648\u0641 - \u0645\u064a\u0644\u0629\"},\"image\":{\"@id\":\"https:\/\/www.univ-mila.dz\/#\/schema\/logo\/image\/\"},\"sameAs\":[\"https:\/\/www.facebook.com\/univmila\/\",\"https:\/\/x.com\/univmila\",\"https:\/\/www.youtube.com\/channel\/UC9--lQO1WBvXm38B70e9u5w\"]}]}<\/script>\n<!-- \/ Yoast SEO plugin. -->","yoast_head_json":{"title":"Facult\u00e9 des sciences de la nature et de la vie - \u062c\u0627\u0645\u0639\u0629 \u0645\u064a\u0644\u0629","robots":{"index":"index","follow":"follow","max-snippet":"max-snippet:-1","max-image-preview":"max-image-preview:large","max-video-preview":"max-video-preview:-1"},"canonical":"https:\/\/www.univ-mila.dz\/?page_id=21855&lang=fr","og_locale":"ar_AR","og_type":"article","og_title":"Facult\u00e9 des sciences de la nature et de la vie - \u062c\u0627\u0645\u0639\u0629 \u0645\u064a\u0644\u0629","og_description":"[vc_row][vc_column][vc_column_text] Missions de La facult\u00e9 : : : inst.snv@centre-univ-mila.dz : facebook.com La facult\u00e9 Sciences de la nature et de la vie a pour mission de fournir aux \u00e9tudiants des formations qualitatives dans les domaines des Sciences de la nature et de la vie. Des formations qui pr\u00e9parent les \u00e9tudiants \u00e0 une insertion professionnelle, et \u00e0 [&hellip;]","og_url":"https:\/\/www.univ-mila.dz\/?page_id=21855&lang=fr","og_site_name":"\u062c\u0627\u0645\u0639\u0629 \u0645\u064a\u0644\u0629","article_publisher":"https:\/\/www.facebook.com\/univmila\/","article_modified_time":"2025-10-29T14:10:33+00:00","og_image":[{"width":640,"height":480,"url":"https:\/\/www.univ-mila.dz\/wp-content\/uploads\/2019\/03\/20228821_1234267920034430_282399053964769760_n.jpg","type":"image\/jpeg"}],"twitter_card":"summary_large_image","twitter_site":"@univmila","twitter_misc":{"\u0648\u0642\u062a \u0627\u0644\u0642\u0631\u0627\u0621\u0629 \u0627\u0644\u0645\u064f\u0642\u062f\u0651\u0631":"4 \u062f\u0642\u0627\u0626\u0642"},"schema":{"@context":"https:\/\/schema.org","@graph":[{"@type":"WebPage","@id":"https:\/\/www.univ-mila.dz\/?page_id=21855&lang=fr","url":"https:\/\/www.univ-mila.dz\/?page_id=21855&lang=fr","name":"Facult\u00e9 des sciences de la nature et de la vie - \u062c\u0627\u0645\u0639\u0629 \u0645\u064a\u0644\u0629","isPartOf":{"@id":"https:\/\/www.univ-mila.dz\/#website"},"primaryImageOfPage":{"@id":"https:\/\/www.univ-mila.dz\/?page_id=21855&lang=fr#primaryimage"},"image":{"@id":"https:\/\/www.univ-mila.dz\/?page_id=21855&lang=fr#primaryimage"},"thumbnailUrl":"https:\/\/www.univ-mila.dz\/wp-content\/uploads\/2019\/03\/20228821_1234267920034430_282399053964769760_n.jpg","datePublished":"2023-06-07T15:01:30+00:00","dateModified":"2025-10-29T14:10:33+00:00","inLanguage":"ar","potentialAction":[{"@type":"ReadAction","target":["https:\/\/www.univ-mila.dz\/?page_id=21855&lang=fr"]}]},{"@type":"ImageObject","inLanguage":"ar","@id":"https:\/\/www.univ-mila.dz\/?page_id=21855&lang=fr#primaryimage","url":"https:\/\/www.univ-mila.dz\/wp-content\/uploads\/2019\/03\/20228821_1234267920034430_282399053964769760_n.jpg","contentUrl":"https:\/\/www.univ-mila.dz\/wp-content\/uploads\/2019\/03\/20228821_1234267920034430_282399053964769760_n.jpg","width":640,"height":480},{"@type":"WebSite","@id":"https:\/\/www.univ-mila.dz\/#website","url":"https:\/\/www.univ-mila.dz\/","name":"\u062c\u0627\u0645\u0639\u0629 \u0639\u0628\u062f \u0627\u0644\u062d\u0641\u064a\u0638 \u0628\u0648\u0627\u0644\u0635\u0648\u0641","description":"\u0645\u064a\u0644\u0629","publisher":{"@id":"https:\/\/www.univ-mila.dz\/#organization"},"potentialAction":[{"@type":"SearchAction","target":{"@type":"EntryPoint","urlTemplate":"https:\/\/www.univ-mila.dz\/?s={search_term_string}"},"query-input":{"@type":"PropertyValueSpecification","valueRequired":true,"valueName":"search_term_string"}}],"inLanguage":"ar"},{"@type":"Organization","@id":"https:\/\/www.univ-mila.dz\/#organization","name":"\u062c\u0627\u0645\u0639\u0629 \u0639\u0628\u062f \u0627\u0644\u062d\u0641\u064a\u0638 \u0628\u0648\u0627\u0644\u0635\u0648\u0641 - \u0645\u064a\u0644\u0629","url":"https:\/\/www.univ-mila.dz\/","logo":{"@type":"ImageObject","inLanguage":"ar","@id":"https:\/\/www.univ-mila.dz\/#\/schema\/logo\/image\/","url":"http:\/\/www.centre-univ-mila.dz\/wp-content\/uploads\/2019\/02\/1416395352cumtransparent.png","contentUrl":"http:\/\/www.centre-univ-mila.dz\/wp-content\/uploads\/2019\/02\/1416395352cumtransparent.png","width":208,"height":268,"caption":"\u062c\u0627\u0645\u0639\u0629 \u0639\u0628\u062f \u0627\u0644\u062d\u0641\u064a\u0638 \u0628\u0648\u0627\u0644\u0635\u0648\u0641 - \u0645\u064a\u0644\u0629"},"image":{"@id":"https:\/\/www.univ-mila.dz\/#\/schema\/logo\/image\/"},"sameAs":["https:\/\/www.facebook.com\/univmila\/","https:\/\/x.com\/univmila","https:\/\/www.youtube.com\/channel\/UC9--lQO1WBvXm38B70e9u5w"]}]}},"_links":{"self":[{"href":"https:\/\/www.univ-mila.dz\/index.php?rest_route=\/wp\/v2\/pages\/21855","targetHints":{"allow":["GET"]}}],"collection":[{"href":"https:\/\/www.univ-mila.dz\/index.php?rest_route=\/wp\/v2\/pages"}],"about":[{"href":"https:\/\/www.univ-mila.dz\/index.php?rest_route=\/wp\/v2\/types\/page"}],"author":[{"embeddable":true,"href":"https:\/\/www.univ-mila.dz\/index.php?rest_route=\/wp\/v2\/users\/1"}],"replies":[{"embeddable":true,"href":"https:\/\/www.univ-mila.dz\/index.php?rest_route=%2Fwp%2Fv2%2Fcomments&post=21855"}],"version-history":[{"count":46,"href":"https:\/\/www.univ-mila.dz\/index.php?rest_route=\/wp\/v2\/pages\/21855\/revisions"}],"predecessor-version":[{"id":32825,"href":"https:\/\/www.univ-mila.dz\/index.php?rest_route=\/wp\/v2\/pages\/21855\/revisions\/32825"}],"wp:featuredmedia":[{"embeddable":true,"href":"https:\/\/www.univ-mila.dz\/index.php?rest_route=\/wp\/v2\/media\/736"}],"wp:attachment":[{"href":"https:\/\/www.univ-mila.dz\/index.php?rest_route=%2Fwp%2Fv2%2Fmedia&parent=21855"}],"curies":[{"name":"wp","href":"https:\/\/api.w.org\/{rel}","templated":true}]}}