{"id":1431,"date":"2019-11-18T11:48:48","date_gmt":"2019-11-18T08:48:48","guid":{"rendered":"https:\/\/www.univ-mila.dz?page_id=1431"},"modified":"2020-06-04T15:45:32","modified_gmt":"2020-06-04T14:45:32","slug":"textes-juridiques-concernant-lorganisation-de-la-formation-dans-le-secteur-de-lenseignement-superieur","status":"publish","type":"page","link":"https:\/\/www.univ-mila.dz\/?page_id=1431&lang=fr","title":{"rendered":"Textes R\u00e9glementaires"},"content":{"rendered":"<p class=\"textheader\"><span style=\"font-size: 12pt;\">Textes juridiques concernant l\u2019organisation de la formation dans le secteur de l&#8217;enseignement sup\u00e9rieur<\/span><\/p>\r\n\r\n<ul>\r\n \t<li><span style=\"font-size: 10pt;\">Arr\u00eat\u00e9 n\u00b0<strong>\u00a0711<\/strong> du 03 novembre 2011 fixant les r\u00e8gles d&#8217;organisation et de gestion p\u00e9dagogiques communes aux \u00e9tudes<\/span>\r\n<span style=\"font-size: 10pt;\">universitaire en vue de l&#8217;obtention des dipl\u00f4mes de licence et de master\u00a0<span style=\"color: #0000ff;\"><strong>(<\/strong><a style=\"color: #0000ff;\" href=\"https:\/\/services.mesrs.dz\/DEJA\/fichiers_sommaire_des_textes\/104%20FR.PDF\" target=\"_blank\" rel=\"noreferrer noopener\"><strong>Bulletin officiel de l&#8217;enseignement\r\nsup\u00e9rieur et de la recherche scientifique ann\u00e9e 2011, 4eme trimestre<\/strong><\/a><\/span><strong>).<\/strong><\/span><\/li>\r\n \t<li><span style=\"font-size: 10pt;\">Arr\u00eat\u00e9 n\u00b0<strong>\u00a0712<\/strong> du 03 novembre 2011 fixant les modalit\u00e9s d&#8217;\u00e9valuation, de progression et d&#8217;orientation dans les<\/span>\r\n<span style=\"font-size: 10pt;\">cycles d&#8217;\u00e9tudes en vue de l&#8217;obtention des dipl\u00f4mes de licence et de master<strong>((<\/strong><span style=\"color: #0000ff;\"><a style=\"color: #0000ff;\" href=\"https:\/\/services.mesrs.dz\/DEJA\/fichiers_sommaire_des_textes\/105%20FR.PDF\" target=\"_blank\" rel=\"noreferrer noopener\"><strong>Bulletin officiel de l&#8217;enseignement\r\nsup\u00e9rieur et de la recherche scientifique ann\u00e9e 2011, 4eme trimestre<\/strong><\/a><\/span><strong>).<\/strong><\/span><\/li>\r\n \t<li><span style=\"font-size: 10pt;\">Arr\u00eat\u00e9 n\u00b0\u00a0<strong>714<\/strong> du 03 novembre 2011portant modalit\u00e9s de classement des \u00e9tudiants<strong>\u00a0(<\/strong><span style=\"color: #0000ff;\"><a style=\"color: #0000ff;\" href=\"https:\/\/services.mesrs.dz\/DEJA\/fichiers_sommaire_des_textes\/107%20FR.PDF\" target=\"_blank\" rel=\"noreferrer noopener\"><strong>Bulletin officiel de l&#8217;enseignement\r\nsup\u00e9rieur et de la recherche scientifique ann\u00e9e 2011, 4eme trimestre<\/strong><\/a><\/span><strong>).<\/strong><\/span><\/li>\r\n \t<li><span style=\"font-size: 10pt;\">Arr\u00eat\u00e9\u00a0 n\u00b0\u00a0<strong>272<\/strong> du 09 mars 2017\u00a0 fixant les conditions d&#8217;obtention du dipl\u00f4me de master parles \u00e9tudiants<\/span>\r\n<span style=\"font-size: 10pt;\">inscrits pour l&#8217;obtention du dipl\u00f4me d&#8217;ing\u00e9nieur d&#8217;\u00e9tat et du dipl\u00f4me d&#8217;architecte ou du\u00a0 dipl\u00f4me de docteur v\u00e9t\u00e9rinaire dans certains<\/span>\r\n<span style=\"font-size: 10pt;\">\u00e9tablissements d&#8217;enseignement sup\u00e9rieur<strong>\u00a0 (<\/strong><span style=\"color: #0000ff;\"><a style=\"color: #0000ff;\" href=\"https:\/\/services.mesrs.dz\/DEJA\/fichiers_sommaire_des_textes\/108%20BIS%20+%20FR.pdf\" target=\"_blank\" rel=\"noreferrer noopener\"><strong>Bulletin officiel de l&#8217;enseignement sup\u00e9rieur et de la recherche scientifique\u00a0 ann\u00e9e 2017\u00a0\u00a0 1<sup>er<\/sup>\u00a0 trimestre<\/strong><\/a><\/span><strong>).<\/strong><\/span><\/li>\r\n \t<li><span style=\"font-size: 10pt;\">Arr\u00eat\u00e9\u00a0 n\u00b0<strong>\u00a0272<\/strong> du 09 mars 2017\u00a0 fixant les conditions d&#8217;obtention du dipl\u00f4me de master parles<\/span>\r\n<span style=\"font-size: 10pt;\">\u00e9tudiants inscrits pour l&#8217;obtention du dipl\u00f4me d&#8217;ing\u00e9nieur d&#8217;\u00e9tat et du dipl\u00f4me d&#8217;architecte ou du \u00a0dipl\u00f4me de docteur v\u00e9t\u00e9rinaire dans certains \u00e9tablissements d&#8217;enseignement sup\u00e9rieu<strong>r\u00a0 (<\/strong><span style=\"color: #0000ff;\"><a style=\"color: #0000ff;\" href=\"https:\/\/services.mesrs.dz\/DEJA\/fichiers_sommaire_des_textes\/108%20BIS%20+%20FR.pdf\" target=\"_blank\" rel=\"noreferrer noopener\"><strong>Bulletin officiel de l&#8217;enseignement sup\u00e9rieur et de la recherche scientifique\u00a0 ann\u00e9e 2017 \u00a0\u00a01<sup>er<\/sup>\u00a0\u00a0\u00a0trimestre<\/strong><\/a><\/span><strong>).<\/strong><\/span><\/li>\r\n \t<li><span style=\"font-size: 10pt;\">Arr\u00eat\u00e9 n\u00b0<strong>153<\/strong> du 14 mai 2012 portant cr\u00e9ation d&#8217;un fichier central des m\u00e9moires et th\u00e8ses et fixant les modalit\u00e9s d&#8217;alimentation et d&#8217;utilisation<strong>\u00a0(<\/strong><span style=\"color: #0000ff;\"><a style=\"color: #0000ff;\" href=\"https:\/\/services.mesrs.dz\/DEJA\/fichiers_sommaire_des_textes\/109%20FR.PDF\" target=\"_blank\" rel=\"noreferrer noopener\"><strong>Bulletin officiel de l&#8217;enseignement sup\u00e9rieur et de la recherche scientifique ann\u00e9e 2012, 2eme trimestre<\/strong><\/a><\/span><strong>).<\/strong><\/span><\/li>\r\n \t<li><span style=\"font-size: 10pt;\">Arr\u00eat\u00e9 n\u00b0\u00a0<strong>451<\/strong> du \u00a009 d\u00e9cembre 2012 \u00a0portant d\u00e9finition des caract\u00e9ristiques relatives \u00e0 l&#8217;attestation provisoire de succ\u00e8s dans les cycles d&#8217;\u00e9tudes en vue de l&#8217;obtention\u00a0 du dipl\u00f4me de licence et du dipl\u00f4me de master <strong>\u00a0(<\/strong><a href=\"https:\/\/services.mesrs.dz\/DEJA\/fichiers_sommaire_des_textes\/109A01FR.PDF\" target=\"_blank\" rel=\"noreferrer noopener\"><strong><span style=\"color: #0000ff;\">Bulletin officiel de l&#8217;enseignement<\/span>\r\n<span style=\"color: #0000ff;\">sup\u00e9rieur et de la recherche scientifique\u00a0\u00a0 ann\u00e9e 2012,\u00a0 4<\/span><span style=\"color: #0000ff;\">eme\u00a0 trimestre<\/span>)<\/strong><\/a><strong>.<\/strong><\/span><\/li>\r\n \t<li><span style=\"font-size: 10pt;\">Arr\u00eat\u00e9 n\u00b0\u00a0<strong>452<\/strong> du 09 d\u00e9cembre 2012 portant d\u00e9finition des caract\u00e9ristiques relatives au relev\u00e9s de notes dans les<\/span>\r\n<span style=\"font-size: 10pt;\">cycles d&#8217;\u00e9tudes en vue de l&#8217;obtention du diplome de licence et du dipl\u00f4me de master<strong>\u00a0(<\/strong><a href=\"https:\/\/services.mesrs.dz\/DEJA\/fichiers_sommaire_des_textes\/109ABISfr.pdf\" target=\"_blank\" rel=\"noreferrer noopener\"><strong><span style=\"color: #0000ff;\">Bulletin officiel de l&#8217;enseignement<\/span> <span style=\"color: #0000ff;\">sup\u00e9rieur et de la recherche scientifique\u00a0\u00a0 ann\u00e9e 2012, 4 eme\u00a0 <\/span><span style=\"color: #0000ff;\">trimestre<\/span>)<\/strong><\/a><strong>.<\/strong><\/span><\/li>\r\n \t<li><span style=\"font-size: 10pt;\">Arr\u00eate n\u00b0\u00a0<strong>362\u00a0<\/strong>du 09 juin 2014 fixant les modalit\u00e9s d&#8217;\u00e9laboration et de soutenance du m\u00e9moire du master<strong>\u00a0(<\/strong><span style=\"color: #0000ff;\"><a style=\"color: #0000ff;\" href=\"https:\/\/services.mesrs.dz\/DEJA\/fichiers_sommaire_des_textes\/109%20C%20FR.pdf\" target=\"_blank\" rel=\"noreferrer noopener\"><strong>Bulletin officiel de l&#8217;enseignement sup\u00e9rieur et de la recherche scientifique ann\u00e9e 2014, 2eme trimestre<\/strong><\/a><\/span><strong>).<\/strong><\/span><\/li>\r\n \t<li><span style=\"font-size: 10pt;\">Arr\u00eate n\u00b0\u00a0<strong>363\u00a0<\/strong>du\u00a0 09\u00a0 juin 2014\u00a0 portant conditions d&#8217;inscription aux \u00e9tudes universitaires en vue de<\/span>\r\n<span style=\"font-size: 10pt;\">l&#8217;obtention du dipl\u00f4me de Master<strong>\u00a0(<\/strong><span style=\"color: #0000ff;\"><a style=\"color: #0000ff;\" href=\"https:\/\/services.mesrs.dz\/DEJA\/fichiers_sommaire_des_textes\/109%20C%20+%20FR.pdf\" target=\"_blank\" rel=\"noreferrer noopener\"><strong>Bulletin officiel de l&#8217;enseignement sup\u00e9rieur et de la recherche scientifique\u00a0\u00a0 ann\u00e9e 2014, 2eme\u00a0 trimestre<\/strong><\/a><\/span><strong>).<\/strong><\/span><\/li>\r\n \t<li><span style=\"font-size: 10pt;\">Arr\u00eat\u00e9 n\u00b0\u00a0<strong>933<\/strong> du 28 juillet 2016 fixant les r\u00e8gles relatives \u00e0 la pr\u00e9vention et la lutte contre le plagiat (<span style=\"color: #0000ff;\"><a style=\"color: #0000ff;\" href=\"https:\/\/services.mesrs.dz\/DEJA\/fichiers_sommaire_des_textes\/109%20C+3%20FR.pdf\" target=\"_blank\" rel=\"noreferrer noopener\"><strong>Bulletin officiel de l&#8217;enseignement sup\u00e9rieur et de la recherche scientifique ann\u00e9e 2016,2eme\u00a0 trimestre<\/strong><\/a><\/span><strong>).<\/strong><\/span><\/li>\r\n \t<li><span style=\"font-size: 10pt;\">Arr\u00eat\u00e9 n\u00b0 649 bis du 15 juin 2017 fixant les modalit\u00e9s d&#8217;organisation du concours d&#8217;acc\u00e9s aux \u00e9coles sup\u00e9rieurs (<span style=\"color: #0000ff;\"><a style=\"color: #0000ff;\" href=\"https:\/\/services.mesrs.dz\/DEJA\/fichiers_sommaire_des_textes\/109C+4FR.pdf\" target=\"_blank\" rel=\"noreferrer noopener\"><strong>Bulletin officiel de l&#8217;enseignement sup\u00e9rieur et de la recherche scientifique ann\u00e9e 2017,2eme\u00a0 trimestre<\/strong><\/a><\/span><strong>).<\/strong><\/span><\/li>\r\n \t<li><span style=\"font-size: 10pt;\">Arr\u00eat\u00e9 n\u00b0 1022\u00a0\u00a0 du 23 octobre 2017 fixant les missions et les conditions d&#8217;acc\u00e8s \u00e0 l&#8217;universit\u00e9 de la formation<\/span>\r\n<span style=\"font-size: 10pt;\">continue\u00a0<strong>(<\/strong><span style=\"color: #0000ff;\"><a style=\"color: #0000ff;\" href=\"http:\/\/services.mesrs.dz\/DEJA\/fichiers_sommaire_des_textes\/97BISfr.pdf\"><strong>Bulletin officiel de l&#8217;enseignement sup\u00e9rieur et de la recherche scientifique ann\u00e9e 2017, 4eme\u00a0 trimestre<\/strong><\/a><\/span><strong>).\u00a0\u00a0<\/strong><\/span><\/li>\r\n \t<li><span style=\"font-size: 10pt;\">Circulaire n\u00b0<strong>\u00a007<\/strong> du 4 juin 2005 fixant les modalit\u00e9s de pr\u00e9sentation , d&#8217;\u00e9valuation et d&#8217;habilitation des<\/span>\r\n<span style=\"font-size: 10pt;\">offres de formation dans le cadre du syst\u00e8me L.M.D<strong>(<\/strong><span style=\"color: #0000ff;\"><a style=\"color: #0000ff;\" href=\"https:\/\/services.mesrs.dz\/DEJA\/fichiers_sommaire_des_textes\/115%20AR.PDF\" target=\"_blank\" rel=\"noreferrer noopener\"><strong>Bulletin officiel de l&#8217;enseignement\r\nsup\u00e9rieur et de la recherche scientifique ann\u00e9e 2005, 1er semestre<\/strong><\/a><\/span><strong>).<\/strong><\/span><\/li>\r\n \t<li><span style=\"font-size: 10pt;\">Instruction interminist\u00e9rielle du 24 janvier 2012 fixant les modalit\u00e9s d&#8217;inscription en licence et master<\/span>\r\n<span style=\"font-size: 10pt;\">dans les universit\u00e9s et les centres universitaires aux \u00e9tudiants des ENS<strong>\u00a0(<\/strong><span style=\"color: #0000ff;\"><a style=\"color: #0000ff;\" href=\"https:\/\/services.mesrs.dz\/DEJA\/fichiers_sommaire_des_textes\/116%20AR.PDF\" target=\"_blank\" rel=\"noreferrer noopener\"><strong>Bulletin officiel de l&#8217;enseignement sup\u00e9rieur et de la recherchescientifique ann\u00e9e 2012, 1<\/strong><\/a><a style=\"color: #0000ff;\" href=\"https:\/\/services.mesrs.dz\/DEJA\/fichiers_sommaire_des_textes\/116%20AR.PDF\" target=\"_blank\" rel=\"noreferrer noopener\"><strong>er\u00a0trimestre<\/strong><\/a><\/span><strong>).<\/strong><\/span><\/li>\r\n<\/ul>\r\n<span style=\"font-size: 10pt;\"><\/span>\r\n\r\n&nbsp;\r\n\r\n&nbsp;<!-- \/wp:post-content -->","protected":false},"excerpt":{"rendered":"<p>Textes juridiques concernant l\u2019organisation de la formation dans le secteur de l&#8217;enseignement sup\u00e9rieur Arr\u00eat\u00e9 n\u00b0\u00a0711 du 03 novembre 2011 fixant les r\u00e8gles d&#8217;organisation et de gestion p\u00e9dagogiques communes aux \u00e9tudes universitaire en vue de l&#8217;obtention des dipl\u00f4mes de licence et de master\u00a0(Bulletin officiel de l&#8217;enseignement sup\u00e9rieur et de la recherche scientifique ann\u00e9e 2011, 4eme trimestre). [&hellip;]<\/p>\n","protected":false},"author":1,"featured_media":0,"parent":0,"menu_order":0,"comment_status":"closed","ping_status":"closed","template":"","meta":{"footnotes":""},"class_list":["post-1431","page","type-page","status-publish","hentry"],"yoast_head":"<!-- This site is optimized with the Yoast SEO plugin v26.3 - https:\/\/yoast.com\/wordpress\/plugins\/seo\/ -->\n<title>Textes R\u00e9glementaires - \u062c\u0627\u0645\u0639\u0629 \u0645\u064a\u0644\u0629<\/title>\n<meta name=\"robots\" content=\"index, follow, max-snippet:-1, max-image-preview:large, max-video-preview:-1\" \/>\n<link rel=\"canonical\" href=\"https:\/\/www.univ-mila.dz\/?page_id=1431&lang=fr\" \/>\n<meta property=\"og:locale\" content=\"ar_AR\" \/>\n<meta property=\"og:type\" content=\"article\" \/>\n<meta property=\"og:title\" content=\"Textes R\u00e9glementaires - \u062c\u0627\u0645\u0639\u0629 \u0645\u064a\u0644\u0629\" \/>\n<meta property=\"og:description\" content=\"Textes juridiques concernant l\u2019organisation de la formation dans le secteur de l&#8217;enseignement sup\u00e9rieur Arr\u00eat\u00e9 n\u00b0\u00a0711 du 03 novembre 2011 fixant les r\u00e8gles d&#8217;organisation et de gestion p\u00e9dagogiques communes aux \u00e9tudes universitaire en vue de l&#8217;obtention des dipl\u00f4mes de licence et de master\u00a0(Bulletin officiel de l&#8217;enseignement sup\u00e9rieur et de la recherche scientifique ann\u00e9e 2011, 4eme trimestre). [&hellip;]\" \/>\n<meta property=\"og:url\" content=\"https:\/\/www.univ-mila.dz\/?page_id=1431&amp;lang=fr\" \/>\n<meta property=\"og:site_name\" content=\"\u062c\u0627\u0645\u0639\u0629 \u0645\u064a\u0644\u0629\" \/>\n<meta property=\"article:publisher\" content=\"https:\/\/www.facebook.com\/univmila\/\" \/>\n<meta property=\"article:modified_time\" content=\"2020-06-04T14:45:32+00:00\" \/>\n<meta name=\"twitter:card\" content=\"summary_large_image\" \/>\n<meta name=\"twitter:site\" content=\"@univmila\" \/>\n<meta name=\"twitter:label1\" content=\"\u0648\u0642\u062a \u0627\u0644\u0642\u0631\u0627\u0621\u0629 \u0627\u0644\u0645\u064f\u0642\u062f\u0651\u0631\" \/>\n\t<meta name=\"twitter:data1\" content=\"3 \u062f\u0642\u0627\u0626\u0642\" \/>\n<script type=\"application\/ld+json\" class=\"yoast-schema-graph\">{\"@context\":\"https:\/\/schema.org\",\"@graph\":[{\"@type\":\"WebPage\",\"@id\":\"https:\/\/www.univ-mila.dz\/?page_id=1431&lang=fr\",\"url\":\"https:\/\/www.univ-mila.dz\/?page_id=1431&lang=fr\",\"name\":\"Textes R\u00e9glementaires - \u062c\u0627\u0645\u0639\u0629 \u0645\u064a\u0644\u0629\",\"isPartOf\":{\"@id\":\"https:\/\/www.univ-mila.dz\/#website\"},\"datePublished\":\"2019-11-18T08:48:48+00:00\",\"dateModified\":\"2020-06-04T14:45:32+00:00\",\"inLanguage\":\"ar\",\"potentialAction\":[{\"@type\":\"ReadAction\",\"target\":[\"https:\/\/www.univ-mila.dz\/?page_id=1431&lang=fr\"]}]},{\"@type\":\"WebSite\",\"@id\":\"https:\/\/www.univ-mila.dz\/#website\",\"url\":\"https:\/\/www.univ-mila.dz\/\",\"name\":\"\u062c\u0627\u0645\u0639\u0629 \u0639\u0628\u062f \u0627\u0644\u062d\u0641\u064a\u0638 \u0628\u0648\u0627\u0644\u0635\u0648\u0641\",\"description\":\"\u0645\u064a\u0644\u0629\",\"publisher\":{\"@id\":\"https:\/\/www.univ-mila.dz\/#organization\"},\"potentialAction\":[{\"@type\":\"SearchAction\",\"target\":{\"@type\":\"EntryPoint\",\"urlTemplate\":\"https:\/\/www.univ-mila.dz\/?s={search_term_string}\"},\"query-input\":{\"@type\":\"PropertyValueSpecification\",\"valueRequired\":true,\"valueName\":\"search_term_string\"}}],\"inLanguage\":\"ar\"},{\"@type\":\"Organization\",\"@id\":\"https:\/\/www.univ-mila.dz\/#organization\",\"name\":\"\u062c\u0627\u0645\u0639\u0629 \u0639\u0628\u062f \u0627\u0644\u062d\u0641\u064a\u0638 \u0628\u0648\u0627\u0644\u0635\u0648\u0641 - \u0645\u064a\u0644\u0629\",\"url\":\"https:\/\/www.univ-mila.dz\/\",\"logo\":{\"@type\":\"ImageObject\",\"inLanguage\":\"ar\",\"@id\":\"https:\/\/www.univ-mila.dz\/#\/schema\/logo\/image\/\",\"url\":\"http:\/\/www.centre-univ-mila.dz\/wp-content\/uploads\/2019\/02\/1416395352cumtransparent.png\",\"contentUrl\":\"http:\/\/www.centre-univ-mila.dz\/wp-content\/uploads\/2019\/02\/1416395352cumtransparent.png\",\"width\":208,\"height\":268,\"caption\":\"\u062c\u0627\u0645\u0639\u0629 \u0639\u0628\u062f \u0627\u0644\u062d\u0641\u064a\u0638 \u0628\u0648\u0627\u0644\u0635\u0648\u0641 - \u0645\u064a\u0644\u0629\"},\"image\":{\"@id\":\"https:\/\/www.univ-mila.dz\/#\/schema\/logo\/image\/\"},\"sameAs\":[\"https:\/\/www.facebook.com\/univmila\/\",\"https:\/\/x.com\/univmila\",\"https:\/\/www.youtube.com\/channel\/UC9--lQO1WBvXm38B70e9u5w\"]}]}<\/script>\n<!-- \/ Yoast SEO plugin. -->","yoast_head_json":{"title":"Textes R\u00e9glementaires - \u062c\u0627\u0645\u0639\u0629 \u0645\u064a\u0644\u0629","robots":{"index":"index","follow":"follow","max-snippet":"max-snippet:-1","max-image-preview":"max-image-preview:large","max-video-preview":"max-video-preview:-1"},"canonical":"https:\/\/www.univ-mila.dz\/?page_id=1431&lang=fr","og_locale":"ar_AR","og_type":"article","og_title":"Textes R\u00e9glementaires - \u062c\u0627\u0645\u0639\u0629 \u0645\u064a\u0644\u0629","og_description":"Textes juridiques concernant l\u2019organisation de la formation dans le secteur de l&#8217;enseignement sup\u00e9rieur Arr\u00eat\u00e9 n\u00b0\u00a0711 du 03 novembre 2011 fixant les r\u00e8gles d&#8217;organisation et de gestion p\u00e9dagogiques communes aux \u00e9tudes universitaire en vue de l&#8217;obtention des dipl\u00f4mes de licence et de master\u00a0(Bulletin officiel de l&#8217;enseignement sup\u00e9rieur et de la recherche scientifique ann\u00e9e 2011, 4eme trimestre). [&hellip;]","og_url":"https:\/\/www.univ-mila.dz\/?page_id=1431&lang=fr","og_site_name":"\u062c\u0627\u0645\u0639\u0629 \u0645\u064a\u0644\u0629","article_publisher":"https:\/\/www.facebook.com\/univmila\/","article_modified_time":"2020-06-04T14:45:32+00:00","twitter_card":"summary_large_image","twitter_site":"@univmila","twitter_misc":{"\u0648\u0642\u062a \u0627\u0644\u0642\u0631\u0627\u0621\u0629 \u0627\u0644\u0645\u064f\u0642\u062f\u0651\u0631":"3 \u062f\u0642\u0627\u0626\u0642"},"schema":{"@context":"https:\/\/schema.org","@graph":[{"@type":"WebPage","@id":"https:\/\/www.univ-mila.dz\/?page_id=1431&lang=fr","url":"https:\/\/www.univ-mila.dz\/?page_id=1431&lang=fr","name":"Textes R\u00e9glementaires - \u062c\u0627\u0645\u0639\u0629 \u0645\u064a\u0644\u0629","isPartOf":{"@id":"https:\/\/www.univ-mila.dz\/#website"},"datePublished":"2019-11-18T08:48:48+00:00","dateModified":"2020-06-04T14:45:32+00:00","inLanguage":"ar","potentialAction":[{"@type":"ReadAction","target":["https:\/\/www.univ-mila.dz\/?page_id=1431&lang=fr"]}]},{"@type":"WebSite","@id":"https:\/\/www.univ-mila.dz\/#website","url":"https:\/\/www.univ-mila.dz\/","name":"\u062c\u0627\u0645\u0639\u0629 \u0639\u0628\u062f \u0627\u0644\u062d\u0641\u064a\u0638 \u0628\u0648\u0627\u0644\u0635\u0648\u0641","description":"\u0645\u064a\u0644\u0629","publisher":{"@id":"https:\/\/www.univ-mila.dz\/#organization"},"potentialAction":[{"@type":"SearchAction","target":{"@type":"EntryPoint","urlTemplate":"https:\/\/www.univ-mila.dz\/?s={search_term_string}"},"query-input":{"@type":"PropertyValueSpecification","valueRequired":true,"valueName":"search_term_string"}}],"inLanguage":"ar"},{"@type":"Organization","@id":"https:\/\/www.univ-mila.dz\/#organization","name":"\u062c\u0627\u0645\u0639\u0629 \u0639\u0628\u062f \u0627\u0644\u062d\u0641\u064a\u0638 \u0628\u0648\u0627\u0644\u0635\u0648\u0641 - \u0645\u064a\u0644\u0629","url":"https:\/\/www.univ-mila.dz\/","logo":{"@type":"ImageObject","inLanguage":"ar","@id":"https:\/\/www.univ-mila.dz\/#\/schema\/logo\/image\/","url":"http:\/\/www.centre-univ-mila.dz\/wp-content\/uploads\/2019\/02\/1416395352cumtransparent.png","contentUrl":"http:\/\/www.centre-univ-mila.dz\/wp-content\/uploads\/2019\/02\/1416395352cumtransparent.png","width":208,"height":268,"caption":"\u062c\u0627\u0645\u0639\u0629 \u0639\u0628\u062f \u0627\u0644\u062d\u0641\u064a\u0638 \u0628\u0648\u0627\u0644\u0635\u0648\u0641 - \u0645\u064a\u0644\u0629"},"image":{"@id":"https:\/\/www.univ-mila.dz\/#\/schema\/logo\/image\/"},"sameAs":["https:\/\/www.facebook.com\/univmila\/","https:\/\/x.com\/univmila","https:\/\/www.youtube.com\/channel\/UC9--lQO1WBvXm38B70e9u5w"]}]}},"_links":{"self":[{"href":"https:\/\/www.univ-mila.dz\/index.php?rest_route=\/wp\/v2\/pages\/1431","targetHints":{"allow":["GET"]}}],"collection":[{"href":"https:\/\/www.univ-mila.dz\/index.php?rest_route=\/wp\/v2\/pages"}],"about":[{"href":"https:\/\/www.univ-mila.dz\/index.php?rest_route=\/wp\/v2\/types\/page"}],"author":[{"embeddable":true,"href":"https:\/\/www.univ-mila.dz\/index.php?rest_route=\/wp\/v2\/users\/1"}],"replies":[{"embeddable":true,"href":"https:\/\/www.univ-mila.dz\/index.php?rest_route=%2Fwp%2Fv2%2Fcomments&post=1431"}],"version-history":[{"count":8,"href":"https:\/\/www.univ-mila.dz\/index.php?rest_route=\/wp\/v2\/pages\/1431\/revisions"}],"predecessor-version":[{"id":7136,"href":"https:\/\/www.univ-mila.dz\/index.php?rest_route=\/wp\/v2\/pages\/1431\/revisions\/7136"}],"wp:attachment":[{"href":"https:\/\/www.univ-mila.dz\/index.php?rest_route=%2Fwp%2Fv2%2Fmedia&parent=1431"}],"curies":[{"name":"wp","href":"https:\/\/api.w.org\/{rel}","templated":true}]}}