{"id":11839,"date":"2020-12-24T11:03:45","date_gmt":"2020-12-24T11:03:45","guid":{"rendered":"https:\/\/www.univ-mila.dz\/?page_id=11839"},"modified":"2020-12-24T11:03:45","modified_gmt":"2020-12-24T11:03:45","slug":"specialite-biotechnologie-vegetale-et-amelioration","status":"publish","type":"page","link":"https:\/\/www.univ-mila.dz\/?page_id=11839&lang=fr","title":{"rendered":"Sp\u00e9cialit\u00e9: Biotechnologie v\u00e9g\u00e9tale et am\u00e9lioration"},"content":{"rendered":"<p class=\"textheader\">Informations g\u00e9n\u00e9rales<\/p>\n<div class=\"noteright\">\n<p style=\"text-align: left;\" title=\"T\u00e9l\u00e9phone\"><i class=\"fa fa-phone\"><\/i>:<span style=\"color: #800000;\"><b>&#8230;&#8230;&#8230;&#8230;&#8230;&#8230;&#8230;&#8230;&#8230;&#8230;<\/b><\/span><\/p>\n<p style=\"text-align: left;\" title=\"Fax\"><i class=\"fa fa-fax\"><\/i>:<span style=\"color: #800000;\"><strong>&#8230;&#8230;&#8230;&#8230;&#8230;&#8230;&#8230;&#8230;&#8230;..<\/strong><\/span><\/p>\n<p style=\"text-align: left;\" title=\"Courriel\"><span style=\"color: #800000;\"><span style=\"color: #333333;\"><a style=\"color: #333333;\" href=\"dept.snv@centre-univ-mila.dz\"><i class=\"fa fa-envelope\"><\/i>:<span style=\"color: #800000;\"><strong>Dept.snv@centre-univ-mila.dz<\/strong><\/span><\/a><\/span><\/span><\/p>\n<\/div>\n<ul>\n<li><strong>Cycle<\/strong> : Licence .<\/li>\n<li><strong>Domaine<\/strong> : SNV.<\/li>\n<li><strong>Fili\u00e8re<\/strong> : Biotechnologies.<\/li>\n<li><strong>Sp\u00e9cialit\u00e9<\/strong> <strong>(Intitul\u00e9 de la formation)<\/strong> : Biotechnologie v\u00e9g\u00e9tale et am\u00e9lioration.<\/li>\n<li><strong>Dur\u00e9e de la formation<\/strong> : 3 Ans.<\/li>\n<\/ul>\n<p>&nbsp;<\/p>\n<p class=\"textheader\">Pr\u00e9sentation de la formation<\/p>\n<p class=\"smallheader\">Objectif de la formation<\/p>\n<p>La formation \u00ab\u00a0licence Biotechnologie v\u00e9g\u00e9tale et am\u00e9lioration\u00a0\u00bb vise \u00e0 acqu\u00e9rir les concepts de base et les techniques utilis\u00e9s dans le domaine de la biologie v\u00e9g\u00e9tale, en vue de pr\u00e9server les esp\u00e8ces et augmenter la production des cultures d\u2019int\u00e9r\u00eat, \u00e9conomique (alimentaire, industriel, pharmaceutique et ornemental\u2026)<br \/>\nLes \u00e9tudiants recevront des connaissances fondamentales de diff\u00e9rentes disciplines (biologie v\u00e9g\u00e9tale, les techniques de multiplication des v\u00e9g\u00e9taux, les facteurs alt\u00e9rag\u00e8nes et pathog\u00e8nes des cultures et les modalit\u00e9s de lutte utilis\u00e9es pour combattre les agents pathog\u00e8nes).<br \/>\nElle vise, aussi, \u00e0 la contribution et la formation de dipl\u00f4m\u00e9s aux comp\u00e9tences av\u00e9r\u00e9es surtout pour les r\u00e9gions \u00e0 vocation agricole telle que Mila.<\/p>\n<p class=\"smallheader\">Connaissances vis\u00e9es<\/p>\n<p>Ce parcourt de licence vise \u00e0 former des dipl\u00f4m\u00e9s ma\u00eetrisant le domaine v\u00e9g\u00e9tal dans toutes ses composantes\u00a0:<\/p>\n<ul>\n<li>Formation et construction de la plante,<\/li>\n<li>la BMC sera utilis\u00e9e dans le secteur agricole et identification des vari\u00e9t\u00e9s rustiques (r\u00e9sistantes).<\/li>\n<li>Structure, croissance et d\u00e9veloppement.<\/li>\n<li>Fonctionnement et physiologie.<\/li>\n<li>Cytog\u00e9n\u00e9tique et am\u00e9lioration v\u00e9g\u00e9tale.<\/li>\n<li>Protection des v\u00e9g\u00e9taux.<\/li>\n<\/ul>\n<p class=\"smallheader\">Projets de fin d\u2019\u00e9tude<\/p>\n<p>Le projet de fin d\u2019\u00e9tude consiste surtout \u00e0 des stages de laboratoire avec des enqu\u00eates de terrain et analyses des donn\u00e9es. Ces \u00e9tapes permettent aux futurs licenci\u00e9s une prise de main, une maitrise de techniques d\u2019analyses. Par ailleurs elle leurs fournit l\u2019occasion de r\u00e9diger des rapports en but d\u2019int\u00e9grer rapidement le monde du travail .ou poursuivre des \u00e9tudes de Master .<\/p>\n<p class=\"textheader\">Programme<\/p>\n<p><span style=\"color: #0000ff;\"><strong><span style=\"color: #000000;\">Pour telecharger <span style=\"color: #800000;\">PDF<\/span>:<\/span>\u00a0 &#8230;&#8230;&#8230;..<\/strong><\/span><\/p>\n<p class=\"textheader\">Etudes et d\u00e9bouch\u00e9s potentiels<\/p>\n<p>\u00a0Le programme du parcours \u00ab\u00a0Licence Biotechnologie v\u00e9g\u00e9tale et am\u00e9lioration\u00a0\u00a0\u00a0\u00bb est con\u00e7u pour permettre, aux \u00e9tudiants d\u00e9sireux, de poursuivre leurs \u00e9tudes en Master dans les sp\u00e9cialit\u00e9s de \u00ab\u00a0Science biotechnologie\u00a0\u00bb telles que\u00a0: Biotechnologie v\u00e9g\u00e9tale, Biotechnologie et G\u00e9nomique V\u00e9g\u00e9tale, Physiologie V\u00e9g\u00e9tale, Am\u00e9lioration des plantes etc\u2026<br \/>\n.<\/p>\n<p class=\"textheaderR\">D\u00e9bouch\u00e9s professionnels<\/p>\n<p>Le parcours Biotechnologie v\u00e9g\u00e9tale et am\u00e9lioration\u00a0\u00a0 permettra l\u2019insertion professionnelle des \u00e9tudiants dans un large \u00e9ventail de professions en Biotechnologies et organismes et structures d\u2019agriculture tels que :<\/p>\n<ul>\n<li>P\u00e9pini\u00e8res : production et multiplication de plants.<\/li>\n<li>Facult\u00e9s de recherches agronomiques notamment les instituts techniques des grandes cultures.<\/li>\n<li>Facult\u00e9s techniques des cultures mara\u00eech\u00e8res et industrielles (I.T.C.M.I.).<\/li>\n<li>instituts des cultures sahariennes (ITDAS), INRA, protection des v\u00e9g\u00e9taux (INPV) et autres.<\/li>\n<li>Stations de stockage des produits agricoles et fermes pilotes.<\/li>\n<li>A.P.C : Am\u00e9nagement du territoire.<\/li>\n<li>Bureau d\u2019\u00e9tude.<\/li>\n<li>Cr\u00e9ation de coop\u00e9ratives dans diff\u00e9rentes options v\u00e9g\u00e9tales et p\u00e9pini\u00e8res\u2026<\/li>\n<\/ul>\n<p>&nbsp;<\/p>\n","protected":false},"excerpt":{"rendered":"<p>Informations g\u00e9n\u00e9rales :&#8230;&#8230;&#8230;&#8230;&#8230;&#8230;&#8230;&#8230;&#8230;&#8230; :&#8230;&#8230;&#8230;&#8230;&#8230;&#8230;&#8230;&#8230;&#8230;.. :Dept.snv@centre-univ-mila.dz Cycle : Licence . Domaine : SNV. Fili\u00e8re : Biotechnologies. Sp\u00e9cialit\u00e9 (Intitul\u00e9 de la formation) : Biotechnologie v\u00e9g\u00e9tale et am\u00e9lioration. Dur\u00e9e de la formation : 3 Ans. &nbsp; Pr\u00e9sentation de la formation Objectif de la formation La formation \u00ab\u00a0licence Biotechnologie v\u00e9g\u00e9tale et am\u00e9lioration\u00a0\u00bb vise \u00e0 acqu\u00e9rir les concepts de base [&hellip;]<\/p>\n","protected":false},"author":1,"featured_media":7791,"parent":7892,"menu_order":0,"comment_status":"closed","ping_status":"closed","template":"","meta":{"footnotes":""},"class_list":["post-11839","page","type-page","status-publish","has-post-thumbnail","hentry"],"yoast_head":"<!-- This site is optimized with the Yoast SEO plugin v26.3 - https:\/\/yoast.com\/wordpress\/plugins\/seo\/ -->\n<title>Sp\u00e9cialit\u00e9: Biotechnologie v\u00e9g\u00e9tale et am\u00e9lioration - \u062c\u0627\u0645\u0639\u0629 \u0645\u064a\u0644\u0629<\/title>\n<meta name=\"robots\" content=\"index, follow, max-snippet:-1, max-image-preview:large, max-video-preview:-1\" \/>\n<link rel=\"canonical\" href=\"https:\/\/www.univ-mila.dz\/?page_id=11839&lang=fr\" \/>\n<meta property=\"og:locale\" content=\"ar_AR\" \/>\n<meta property=\"og:type\" content=\"article\" \/>\n<meta property=\"og:title\" content=\"Sp\u00e9cialit\u00e9: Biotechnologie v\u00e9g\u00e9tale et am\u00e9lioration - \u062c\u0627\u0645\u0639\u0629 \u0645\u064a\u0644\u0629\" \/>\n<meta property=\"og:description\" content=\"Informations g\u00e9n\u00e9rales :&#8230;&#8230;&#8230;&#8230;&#8230;&#8230;&#8230;&#8230;&#8230;&#8230; :&#8230;&#8230;&#8230;&#8230;&#8230;&#8230;&#8230;&#8230;&#8230;.. :Dept.snv@centre-univ-mila.dz Cycle : Licence . Domaine : SNV. Fili\u00e8re : Biotechnologies. Sp\u00e9cialit\u00e9 (Intitul\u00e9 de la formation) : Biotechnologie v\u00e9g\u00e9tale et am\u00e9lioration. Dur\u00e9e de la formation : 3 Ans. &nbsp; Pr\u00e9sentation de la formation Objectif de la formation La formation \u00ab\u00a0licence Biotechnologie v\u00e9g\u00e9tale et am\u00e9lioration\u00a0\u00bb vise \u00e0 acqu\u00e9rir les concepts de base [&hellip;]\" \/>\n<meta property=\"og:url\" content=\"https:\/\/www.univ-mila.dz\/?page_id=11839&amp;lang=fr\" \/>\n<meta property=\"og:site_name\" content=\"\u062c\u0627\u0645\u0639\u0629 \u0645\u064a\u0644\u0629\" \/>\n<meta property=\"article:publisher\" content=\"https:\/\/www.facebook.com\/univmila\/\" \/>\n<meta property=\"og:image\" content=\"https:\/\/www.univ-mila.dz\/wp-content\/uploads\/2020\/06\/Sciences-de-la-nature-et-de-la-vie-1.png\" \/>\n\t<meta property=\"og:image:width\" content=\"200\" \/>\n\t<meta property=\"og:image:height\" content=\"200\" \/>\n\t<meta property=\"og:image:type\" content=\"image\/png\" \/>\n<meta name=\"twitter:card\" content=\"summary_large_image\" \/>\n<meta name=\"twitter:site\" content=\"@univmila\" \/>\n<meta name=\"twitter:label1\" content=\"\u0648\u0642\u062a \u0627\u0644\u0642\u0631\u0627\u0621\u0629 \u0627\u0644\u0645\u064f\u0642\u062f\u0651\u0631\" \/>\n\t<meta name=\"twitter:data1\" content=\"3 \u062f\u0642\u0627\u0626\u0642\" \/>\n<script type=\"application\/ld+json\" class=\"yoast-schema-graph\">{\"@context\":\"https:\/\/schema.org\",\"@graph\":[{\"@type\":\"WebPage\",\"@id\":\"https:\/\/www.univ-mila.dz\/?page_id=11839&lang=fr\",\"url\":\"https:\/\/www.univ-mila.dz\/?page_id=11839&lang=fr\",\"name\":\"Sp\u00e9cialit\u00e9: Biotechnologie v\u00e9g\u00e9tale et am\u00e9lioration - \u062c\u0627\u0645\u0639\u0629 \u0645\u064a\u0644\u0629\",\"isPartOf\":{\"@id\":\"https:\/\/www.univ-mila.dz\/#website\"},\"primaryImageOfPage\":{\"@id\":\"https:\/\/www.univ-mila.dz\/?page_id=11839&lang=fr#primaryimage\"},\"image\":{\"@id\":\"https:\/\/www.univ-mila.dz\/?page_id=11839&lang=fr#primaryimage\"},\"thumbnailUrl\":\"https:\/\/www.univ-mila.dz\/wp-content\/uploads\/2020\/06\/Sciences-de-la-nature-et-de-la-vie-1.png\",\"datePublished\":\"2020-12-24T11:03:45+00:00\",\"breadcrumb\":{\"@id\":\"https:\/\/www.univ-mila.dz\/?page_id=11839&lang=fr#breadcrumb\"},\"inLanguage\":\"ar\",\"potentialAction\":[{\"@type\":\"ReadAction\",\"target\":[\"https:\/\/www.univ-mila.dz\/?page_id=11839&lang=fr\"]}]},{\"@type\":\"ImageObject\",\"inLanguage\":\"ar\",\"@id\":\"https:\/\/www.univ-mila.dz\/?page_id=11839&lang=fr#primaryimage\",\"url\":\"https:\/\/www.univ-mila.dz\/wp-content\/uploads\/2020\/06\/Sciences-de-la-nature-et-de-la-vie-1.png\",\"contentUrl\":\"https:\/\/www.univ-mila.dz\/wp-content\/uploads\/2020\/06\/Sciences-de-la-nature-et-de-la-vie-1.png\",\"width\":200,\"height\":200},{\"@type\":\"BreadcrumbList\",\"@id\":\"https:\/\/www.univ-mila.dz\/?page_id=11839&lang=fr#breadcrumb\",\"itemListElement\":[{\"@type\":\"ListItem\",\"position\":1,\"name\":\"Offres de formation\",\"item\":\"https:\/\/www.univ-mila.dz\/?page_id=7868&lang=fr\"},{\"@type\":\"ListItem\",\"position\":2,\"name\":\"Domaine Sciences de la Nature et de la Vie\",\"item\":\"https:\/\/www.univ-mila.dz\/?page_id=7892&lang=fr\"},{\"@type\":\"ListItem\",\"position\":3,\"name\":\"Sp\u00e9cialit\u00e9: Biotechnologie v\u00e9g\u00e9tale et am\u00e9lioration\"}]},{\"@type\":\"WebSite\",\"@id\":\"https:\/\/www.univ-mila.dz\/#website\",\"url\":\"https:\/\/www.univ-mila.dz\/\",\"name\":\"\u062c\u0627\u0645\u0639\u0629 \u0639\u0628\u062f \u0627\u0644\u062d\u0641\u064a\u0638 \u0628\u0648\u0627\u0644\u0635\u0648\u0641\",\"description\":\"\u0645\u064a\u0644\u0629\",\"publisher\":{\"@id\":\"https:\/\/www.univ-mila.dz\/#organization\"},\"potentialAction\":[{\"@type\":\"SearchAction\",\"target\":{\"@type\":\"EntryPoint\",\"urlTemplate\":\"https:\/\/www.univ-mila.dz\/?s={search_term_string}\"},\"query-input\":{\"@type\":\"PropertyValueSpecification\",\"valueRequired\":true,\"valueName\":\"search_term_string\"}}],\"inLanguage\":\"ar\"},{\"@type\":\"Organization\",\"@id\":\"https:\/\/www.univ-mila.dz\/#organization\",\"name\":\"\u062c\u0627\u0645\u0639\u0629 \u0639\u0628\u062f \u0627\u0644\u062d\u0641\u064a\u0638 \u0628\u0648\u0627\u0644\u0635\u0648\u0641 - \u0645\u064a\u0644\u0629\",\"url\":\"https:\/\/www.univ-mila.dz\/\",\"logo\":{\"@type\":\"ImageObject\",\"inLanguage\":\"ar\",\"@id\":\"https:\/\/www.univ-mila.dz\/#\/schema\/logo\/image\/\",\"url\":\"http:\/\/www.centre-univ-mila.dz\/wp-content\/uploads\/2019\/02\/1416395352cumtransparent.png\",\"contentUrl\":\"http:\/\/www.centre-univ-mila.dz\/wp-content\/uploads\/2019\/02\/1416395352cumtransparent.png\",\"width\":208,\"height\":268,\"caption\":\"\u062c\u0627\u0645\u0639\u0629 \u0639\u0628\u062f \u0627\u0644\u062d\u0641\u064a\u0638 \u0628\u0648\u0627\u0644\u0635\u0648\u0641 - \u0645\u064a\u0644\u0629\"},\"image\":{\"@id\":\"https:\/\/www.univ-mila.dz\/#\/schema\/logo\/image\/\"},\"sameAs\":[\"https:\/\/www.facebook.com\/univmila\/\",\"https:\/\/x.com\/univmila\",\"https:\/\/www.youtube.com\/channel\/UC9--lQO1WBvXm38B70e9u5w\"]}]}<\/script>\n<!-- \/ Yoast SEO plugin. -->","yoast_head_json":{"title":"Sp\u00e9cialit\u00e9: Biotechnologie v\u00e9g\u00e9tale et am\u00e9lioration - \u062c\u0627\u0645\u0639\u0629 \u0645\u064a\u0644\u0629","robots":{"index":"index","follow":"follow","max-snippet":"max-snippet:-1","max-image-preview":"max-image-preview:large","max-video-preview":"max-video-preview:-1"},"canonical":"https:\/\/www.univ-mila.dz\/?page_id=11839&lang=fr","og_locale":"ar_AR","og_type":"article","og_title":"Sp\u00e9cialit\u00e9: Biotechnologie v\u00e9g\u00e9tale et am\u00e9lioration - \u062c\u0627\u0645\u0639\u0629 \u0645\u064a\u0644\u0629","og_description":"Informations g\u00e9n\u00e9rales :&#8230;&#8230;&#8230;&#8230;&#8230;&#8230;&#8230;&#8230;&#8230;&#8230; :&#8230;&#8230;&#8230;&#8230;&#8230;&#8230;&#8230;&#8230;&#8230;.. :Dept.snv@centre-univ-mila.dz Cycle : Licence . Domaine : SNV. Fili\u00e8re : Biotechnologies. Sp\u00e9cialit\u00e9 (Intitul\u00e9 de la formation) : Biotechnologie v\u00e9g\u00e9tale et am\u00e9lioration. Dur\u00e9e de la formation : 3 Ans. &nbsp; Pr\u00e9sentation de la formation Objectif de la formation La formation \u00ab\u00a0licence Biotechnologie v\u00e9g\u00e9tale et am\u00e9lioration\u00a0\u00bb vise \u00e0 acqu\u00e9rir les concepts de base [&hellip;]","og_url":"https:\/\/www.univ-mila.dz\/?page_id=11839&lang=fr","og_site_name":"\u062c\u0627\u0645\u0639\u0629 \u0645\u064a\u0644\u0629","article_publisher":"https:\/\/www.facebook.com\/univmila\/","og_image":[{"width":200,"height":200,"url":"https:\/\/www.univ-mila.dz\/wp-content\/uploads\/2020\/06\/Sciences-de-la-nature-et-de-la-vie-1.png","type":"image\/png"}],"twitter_card":"summary_large_image","twitter_site":"@univmila","twitter_misc":{"\u0648\u0642\u062a \u0627\u0644\u0642\u0631\u0627\u0621\u0629 \u0627\u0644\u0645\u064f\u0642\u062f\u0651\u0631":"3 \u062f\u0642\u0627\u0626\u0642"},"schema":{"@context":"https:\/\/schema.org","@graph":[{"@type":"WebPage","@id":"https:\/\/www.univ-mila.dz\/?page_id=11839&lang=fr","url":"https:\/\/www.univ-mila.dz\/?page_id=11839&lang=fr","name":"Sp\u00e9cialit\u00e9: Biotechnologie v\u00e9g\u00e9tale et am\u00e9lioration - \u062c\u0627\u0645\u0639\u0629 \u0645\u064a\u0644\u0629","isPartOf":{"@id":"https:\/\/www.univ-mila.dz\/#website"},"primaryImageOfPage":{"@id":"https:\/\/www.univ-mila.dz\/?page_id=11839&lang=fr#primaryimage"},"image":{"@id":"https:\/\/www.univ-mila.dz\/?page_id=11839&lang=fr#primaryimage"},"thumbnailUrl":"https:\/\/www.univ-mila.dz\/wp-content\/uploads\/2020\/06\/Sciences-de-la-nature-et-de-la-vie-1.png","datePublished":"2020-12-24T11:03:45+00:00","breadcrumb":{"@id":"https:\/\/www.univ-mila.dz\/?page_id=11839&lang=fr#breadcrumb"},"inLanguage":"ar","potentialAction":[{"@type":"ReadAction","target":["https:\/\/www.univ-mila.dz\/?page_id=11839&lang=fr"]}]},{"@type":"ImageObject","inLanguage":"ar","@id":"https:\/\/www.univ-mila.dz\/?page_id=11839&lang=fr#primaryimage","url":"https:\/\/www.univ-mila.dz\/wp-content\/uploads\/2020\/06\/Sciences-de-la-nature-et-de-la-vie-1.png","contentUrl":"https:\/\/www.univ-mila.dz\/wp-content\/uploads\/2020\/06\/Sciences-de-la-nature-et-de-la-vie-1.png","width":200,"height":200},{"@type":"BreadcrumbList","@id":"https:\/\/www.univ-mila.dz\/?page_id=11839&lang=fr#breadcrumb","itemListElement":[{"@type":"ListItem","position":1,"name":"Offres de formation","item":"https:\/\/www.univ-mila.dz\/?page_id=7868&lang=fr"},{"@type":"ListItem","position":2,"name":"Domaine Sciences de la Nature et de la Vie","item":"https:\/\/www.univ-mila.dz\/?page_id=7892&lang=fr"},{"@type":"ListItem","position":3,"name":"Sp\u00e9cialit\u00e9: Biotechnologie v\u00e9g\u00e9tale et am\u00e9lioration"}]},{"@type":"WebSite","@id":"https:\/\/www.univ-mila.dz\/#website","url":"https:\/\/www.univ-mila.dz\/","name":"\u062c\u0627\u0645\u0639\u0629 \u0639\u0628\u062f \u0627\u0644\u062d\u0641\u064a\u0638 \u0628\u0648\u0627\u0644\u0635\u0648\u0641","description":"\u0645\u064a\u0644\u0629","publisher":{"@id":"https:\/\/www.univ-mila.dz\/#organization"},"potentialAction":[{"@type":"SearchAction","target":{"@type":"EntryPoint","urlTemplate":"https:\/\/www.univ-mila.dz\/?s={search_term_string}"},"query-input":{"@type":"PropertyValueSpecification","valueRequired":true,"valueName":"search_term_string"}}],"inLanguage":"ar"},{"@type":"Organization","@id":"https:\/\/www.univ-mila.dz\/#organization","name":"\u062c\u0627\u0645\u0639\u0629 \u0639\u0628\u062f \u0627\u0644\u062d\u0641\u064a\u0638 \u0628\u0648\u0627\u0644\u0635\u0648\u0641 - \u0645\u064a\u0644\u0629","url":"https:\/\/www.univ-mila.dz\/","logo":{"@type":"ImageObject","inLanguage":"ar","@id":"https:\/\/www.univ-mila.dz\/#\/schema\/logo\/image\/","url":"http:\/\/www.centre-univ-mila.dz\/wp-content\/uploads\/2019\/02\/1416395352cumtransparent.png","contentUrl":"http:\/\/www.centre-univ-mila.dz\/wp-content\/uploads\/2019\/02\/1416395352cumtransparent.png","width":208,"height":268,"caption":"\u062c\u0627\u0645\u0639\u0629 \u0639\u0628\u062f \u0627\u0644\u062d\u0641\u064a\u0638 \u0628\u0648\u0627\u0644\u0635\u0648\u0641 - \u0645\u064a\u0644\u0629"},"image":{"@id":"https:\/\/www.univ-mila.dz\/#\/schema\/logo\/image\/"},"sameAs":["https:\/\/www.facebook.com\/univmila\/","https:\/\/x.com\/univmila","https:\/\/www.youtube.com\/channel\/UC9--lQO1WBvXm38B70e9u5w"]}]}},"_links":{"self":[{"href":"https:\/\/www.univ-mila.dz\/index.php?rest_route=\/wp\/v2\/pages\/11839","targetHints":{"allow":["GET"]}}],"collection":[{"href":"https:\/\/www.univ-mila.dz\/index.php?rest_route=\/wp\/v2\/pages"}],"about":[{"href":"https:\/\/www.univ-mila.dz\/index.php?rest_route=\/wp\/v2\/types\/page"}],"author":[{"embeddable":true,"href":"https:\/\/www.univ-mila.dz\/index.php?rest_route=\/wp\/v2\/users\/1"}],"replies":[{"embeddable":true,"href":"https:\/\/www.univ-mila.dz\/index.php?rest_route=%2Fwp%2Fv2%2Fcomments&post=11839"}],"version-history":[{"count":1,"href":"https:\/\/www.univ-mila.dz\/index.php?rest_route=\/wp\/v2\/pages\/11839\/revisions"}],"predecessor-version":[{"id":11840,"href":"https:\/\/www.univ-mila.dz\/index.php?rest_route=\/wp\/v2\/pages\/11839\/revisions\/11840"}],"up":[{"embeddable":true,"href":"https:\/\/www.univ-mila.dz\/index.php?rest_route=\/wp\/v2\/pages\/7892"}],"wp:featuredmedia":[{"embeddable":true,"href":"https:\/\/www.univ-mila.dz\/index.php?rest_route=\/wp\/v2\/media\/7791"}],"wp:attachment":[{"href":"https:\/\/www.univ-mila.dz\/index.php?rest_route=%2Fwp%2Fv2%2Fmedia&parent=11839"}],"curies":[{"name":"wp","href":"https:\/\/api.w.org\/{rel}","templated":true}]}}